{"id":401,"date":"2016-09-11T22:32:59","date_gmt":"2016-09-11T22:32:59","guid":{"rendered":"http:\/\/td_uid_5_57d5db9b38bf4"},"modified":"2016-09-11T22:32:59","modified_gmt":"2016-09-11T22:32:59","slug":"homepage-video","status":"publish","type":"page","link":"https:\/\/www.puertocdelu.com.ar\/index.php\/homepage-video\/","title":{"rendered":"Homepage &#8211; Video"},"content":{"rendered":"<div id=\"tdi_1\" class=\"tdc-row stretch_row\"><div class=\"vc_row tdi_2 import_video_slider_bg wpb_row td-pb-row\" >\n<style scoped>\n\/* custom css - generated by TagDiv Composer *\/\n\n\/* custom css - generated by TagDiv Composer *\/\n.tdi_2,\r\n                .tdi_2 .tdc-columns{\r\n                    min-height: 0;\r\n                }.tdi_2,\r\n\t\t\t\t.tdi_2 .tdc-columns{\r\n\t\t\t\t    display: block;\r\n\t\t\t\t}.tdi_2 .tdc-columns{\r\n\t\t\t\t    width: 100%;\r\n\t\t\t\t}.tdi_2:before,\r\n\t\t\t\t.tdi_2:after{\r\n\t\t\t\t    display: table;\r\n\t\t\t\t}\n<\/style><div class=\"vc_column tdi_4  wpb_column vc_column_container tdc-column td-pb-span12\">\n<style scoped>\n\/* custom css - generated by TagDiv Composer *\/\n\n\/* custom css - generated by TagDiv Composer *\/\n.tdi_4{\r\n                    vertical-align: baseline;\r\n                }.tdi_4 > .wpb_wrapper,\r\n\t\t\t\t.tdi_4 > .wpb_wrapper > .tdc-elements{\r\n\t\t\t\t    display: block;\r\n\t\t\t\t}.tdi_4 > .wpb_wrapper > .tdc-elements{\r\n\t\t\t\t    width: 100%;\r\n\t\t\t\t}.tdi_4 > .wpb_wrapper > .vc_row_inner{\r\n\t\t\t\t    width: auto;\r\n\t\t\t\t}.tdi_4 > .wpb_wrapper{\r\n\t\t\t\t    width: auto;\r\n\t\t\t\t    height: auto;\r\n\t\t\t\t}\n<\/style><div class=\"wpb_wrapper\" ><div class=\"td_block_wrap td_block_big_grid_6 tdi_5 td-grid-style-1 td-hover-1 td-big-grids td-pb-border-top td_block_template_1\"  data-td-block-uid=\"tdi_5\" ><div id=tdi_5 class=\"td_block_inner\"><div class=\"td-big-grid-wrapper\">\r\n        <div class=\"td_module_mx5 td-animation-stack td-big-grid-post-0 td-big-grid-post td-big-thumb\">\r\n            <div class=\"td-module-thumb\"><a href=\"https:\/\/www.puertocdelu.com.ar\/index.php\/2026\/04\/20\/dragado-del-rio-uruguay-una-decision-estrategica-que-consolida-nuestra-integracion\/\"  rel=\"bookmark\" class=\"td-image-wrap \" title=\"Dragado del r\u00edo Uruguay: una decisi\u00f3n estrat\u00e9gica que consolida nuestra integraci\u00f3n\" ><img loading=\"lazy\" decoding=\"async\" class=\"entry-thumb\" src=\"data:image\/png;base64,iVBORw0KGgoAAAANSUhEUgAAAhYAAAHOAQMAAAD+DNJPAAAAA1BMVEWurq51dlI4AAAAAXRSTlMmkutdmwAAADVJREFUeNrtwQENAAAAwiD7p7bHBwwAAAAAAAAAAAAAAAAAAAAAAAAAAAAAAAAAAAAAAICEA3q4AAGK1CNoAAAAAElFTkSuQmCC\" alt=\"\" title=\"Dragado del r\u00edo Uruguay: una decisi\u00f3n estrat\u00e9gica que consolida nuestra integraci\u00f3n\" data-type=\"image_tag\" data-img-url=\"https:\/\/www.puertocdelu.com.ar\/wp-content\/uploads\/2026\/04\/african-raven02-534x462.jpg\"  width=\"534\" height=\"462\" \/><\/a><\/div>            <div class=\"td-meta-info-container\">\r\n                <div class=\"td-meta-align\">\r\n                    <div class=\"td-big-grid-meta\">\r\n                        <a href=\"https:\/\/www.puertocdelu.com.ar\/index.php\/category\/noticias\/\" class=\"td-post-category\" >Noticias<\/a>                        <h3 class=\"entry-title td-module-title\"><a href=\"https:\/\/www.puertocdelu.com.ar\/index.php\/2026\/04\/20\/dragado-del-rio-uruguay-una-decision-estrategica-que-consolida-nuestra-integracion\/\"  rel=\"bookmark\" title=\"Dragado del r\u00edo Uruguay: una decisi\u00f3n estrat\u00e9gica que consolida nuestra integraci\u00f3n\">Dragado del r\u00edo Uruguay: una decisi\u00f3n estrat\u00e9gica que consolida nuestra integraci\u00f3n<\/a><\/h3>                    <\/div>\r\n                    <div class=\"td-module-meta-info\">\r\n                                                <span class=\"td-post-date\"><time class=\"entry-date updated td-module-date\" datetime=\"2026-04-20T22:05:39+00:00\" >20 abril, 2026<\/time><\/span>                    <\/div>\r\n                <\/div>\r\n            <\/div>\r\n\r\n        <\/div>\r\n\r\n        \r\n        <div class=\"td_module_mx5 td-animation-stack td-big-grid-post-1 td-big-grid-post td-big-thumb\">\r\n            <div class=\"td-module-thumb\"><a href=\"https:\/\/www.puertocdelu.com.ar\/index.php\/2026\/04\/12\/el-puerto-suma-embarques-de-graneles-y-madera-mientras-se-acopia-maiz-y-arroz\/\"  rel=\"bookmark\" class=\"td-image-wrap \" title=\"El puerto suma embarques de graneles y madera, mientras se acopia ma\u00edz y arroz\" ><img loading=\"lazy\" decoding=\"async\" class=\"entry-thumb\" src=\"data:image\/png;base64,iVBORw0KGgoAAAANSUhEUgAAAhYAAAHOAQMAAAD+DNJPAAAAA1BMVEWurq51dlI4AAAAAXRSTlMmkutdmwAAADVJREFUeNrtwQENAAAAwiD7p7bHBwwAAAAAAAAAAAAAAAAAAAAAAAAAAAAAAAAAAAAAAICEA3q4AAGK1CNoAAAAAElFTkSuQmCC\" alt=\"\" title=\"El puerto suma embarques de graneles y madera, mientras se acopia ma\u00edz y arroz\" data-type=\"image_tag\" data-img-url=\"https:\/\/www.puertocdelu.com.ar\/wp-content\/uploads\/2026\/04\/BALANCEADO-04-534x462.jpg\"  width=\"534\" height=\"462\" \/><\/a><\/div>            <div class=\"td-meta-info-container\">\r\n                <div class=\"td-meta-align\">\r\n                    <div class=\"td-big-grid-meta\">\r\n                        <a href=\"https:\/\/www.puertocdelu.com.ar\/index.php\/category\/noticias\/\" class=\"td-post-category\" >Noticias<\/a>                        <h3 class=\"entry-title td-module-title\"><a href=\"https:\/\/www.puertocdelu.com.ar\/index.php\/2026\/04\/12\/el-puerto-suma-embarques-de-graneles-y-madera-mientras-se-acopia-maiz-y-arroz\/\"  rel=\"bookmark\" title=\"El puerto suma embarques de graneles y madera, mientras se acopia ma\u00edz y arroz\">El puerto suma embarques de graneles y madera, mientras se acopia ma\u00edz y arroz<\/a><\/h3>                    <\/div>\r\n                    <div class=\"td-module-meta-info\">\r\n                                                <span class=\"td-post-date\"><time class=\"entry-date updated td-module-date\" datetime=\"2026-04-12T20:42:57+00:00\" >12 abril, 2026<\/time><\/span>                    <\/div>\r\n                <\/div>\r\n            <\/div>\r\n\r\n        <\/div>\r\n\r\n        <div class=\"td-big-grid-scroll\">\r\n        <div class=\"td_module_mx13 td-animation-stack td-big-grid-post-2 td-big-grid-post td-tiny-thumb\">\r\n            <div class=\"td-module-thumb\"><a href=\"https:\/\/www.puertocdelu.com.ar\/index.php\/2026\/03\/30\/cerro-el-plazo-de-presentacion-de-propuestas-para-la-puesta-en-valor-de-la-vieja-aduana-y-el-muelle-de-alto-nivel\/\"  rel=\"bookmark\" class=\"td-image-wrap \" title=\"Cerr\u00f3 el plazo de presentaci\u00f3n de propuestas para la puesta en valor de la Vieja Aduana y el Muelle de Alto Nivel\" ><img loading=\"lazy\" decoding=\"async\" class=\"entry-thumb\" src=\"data:image\/png;base64,iVBORw0KGgoAAAANSUhEUgAAANoAAACWAQMAAACCSQSPAAAAA1BMVEWurq51dlI4AAAAAXRSTlMmkutdmwAAABpJREFUWMPtwQENAAAAwiD7p7bHBwwAAAAg7RD+AAGXD7BoAAAAAElFTkSuQmCC\" alt=\"\" title=\"Cerr\u00f3 el plazo de presentaci\u00f3n de propuestas para la puesta en valor de la Vieja Aduana y el Muelle de Alto Nivel\" data-type=\"image_tag\" data-img-url=\"https:\/\/www.puertocdelu.com.ar\/wp-content\/uploads\/2026\/02\/Vieja-Aduana-218x150.jpg\"  width=\"218\" height=\"150\" \/><\/a><\/div>            <div class=\"td-meta-info-container\">\r\n                <div class=\"td-meta-align\">\r\n                    <div class=\"td-big-grid-meta\">\r\n                        <a href=\"https:\/\/www.puertocdelu.com.ar\/index.php\/category\/noticias\/\" class=\"td-post-category\" >Noticias<\/a>                        <h3 class=\"entry-title td-module-title\"><a href=\"https:\/\/www.puertocdelu.com.ar\/index.php\/2026\/03\/30\/cerro-el-plazo-de-presentacion-de-propuestas-para-la-puesta-en-valor-de-la-vieja-aduana-y-el-muelle-de-alto-nivel\/\"  rel=\"bookmark\" title=\"Cerr\u00f3 el plazo de presentaci\u00f3n de propuestas para la puesta en valor de la Vieja Aduana y el Muelle de Alto Nivel\">Cerr\u00f3 el plazo de presentaci\u00f3n de propuestas para la puesta en valor de la Vieja Aduana y el Muelle de Alto Nivel<\/a><\/h3>                    <\/div>\r\n                <\/div>\r\n            <\/div>\r\n\r\n        <\/div>\r\n\r\n        \r\n        <div class=\"td_module_mx13 td-animation-stack td-big-grid-post-3 td-big-grid-post td-tiny-thumb\">\r\n            <div class=\"td-module-thumb\"><a href=\"https:\/\/www.puertocdelu.com.ar\/index.php\/2026\/02\/21\/el-puerto-abre-convocatoria-a-presentacion-de-proyectos-de-inversion-para-poner-en-valor-el-paseo-de-la-vieja-aduana-y-el-muelle-de-alto-nivel\/\"  rel=\"bookmark\" class=\"td-image-wrap \" title=\"El Puerto abre convocatoria a presentaci\u00f3n de Proyectos de Inversi\u00f3n para poner en valor el paseo de la Vieja Aduana y el Muelle de Alto Nivel\" ><img loading=\"lazy\" decoding=\"async\" class=\"entry-thumb\" src=\"data:image\/png;base64,iVBORw0KGgoAAAANSUhEUgAAANoAAACWAQMAAACCSQSPAAAAA1BMVEWurq51dlI4AAAAAXRSTlMmkutdmwAAABpJREFUWMPtwQENAAAAwiD7p7bHBwwAAAAg7RD+AAGXD7BoAAAAAElFTkSuQmCC\" alt=\"\" title=\"El Puerto abre convocatoria a presentaci\u00f3n de Proyectos de Inversi\u00f3n para poner en valor el paseo de la Vieja Aduana y el Muelle de Alto Nivel\" data-type=\"image_tag\" data-img-url=\"https:\/\/www.puertocdelu.com.ar\/wp-content\/uploads\/2026\/02\/puesta-en-valor-218x150.jpg\"  width=\"218\" height=\"150\" \/><\/a><\/div>            <div class=\"td-meta-info-container\">\r\n                <div class=\"td-meta-align\">\r\n                    <div class=\"td-big-grid-meta\">\r\n                        <a href=\"https:\/\/www.puertocdelu.com.ar\/index.php\/category\/noticias\/\" class=\"td-post-category\" >Noticias<\/a>                        <h3 class=\"entry-title td-module-title\"><a href=\"https:\/\/www.puertocdelu.com.ar\/index.php\/2026\/02\/21\/el-puerto-abre-convocatoria-a-presentacion-de-proyectos-de-inversion-para-poner-en-valor-el-paseo-de-la-vieja-aduana-y-el-muelle-de-alto-nivel\/\"  rel=\"bookmark\" title=\"El Puerto abre convocatoria a presentaci\u00f3n de Proyectos de Inversi\u00f3n para poner en valor el paseo de la Vieja Aduana y el Muelle de Alto Nivel\">El Puerto abre convocatoria a presentaci\u00f3n de Proyectos de Inversi\u00f3n para poner en valor el paseo de la Vieja Aduana y el Muelle de...<\/a><\/h3>                    <\/div>\r\n                <\/div>\r\n            <\/div>\r\n\r\n        <\/div>\r\n\r\n        \r\n        <div class=\"td_module_mx13 td-animation-stack td-big-grid-post-4 td-big-grid-post td-tiny-thumb\">\r\n            <div class=\"td-module-thumb\"><a href=\"https:\/\/www.puertocdelu.com.ar\/index.php\/2026\/02\/20\/el-muelle-de-alto-nivel-una-idea-superadora-de-su-tiempo-y-un-paseo-con-vista-al-rio\/\"  rel=\"bookmark\" class=\"td-image-wrap \" title=\"El muelle de Alto Nivel, una idea superadora de su tiempo, y hoy un paseo \u00fanico con vista al r\u00edo\" ><img loading=\"lazy\" decoding=\"async\" class=\"entry-thumb\" src=\"data:image\/png;base64,iVBORw0KGgoAAAANSUhEUgAAANoAAACWAQMAAACCSQSPAAAAA1BMVEWurq51dlI4AAAAAXRSTlMmkutdmwAAABpJREFUWMPtwQENAAAAwiD7p7bHBwwAAAAg7RD+AAGXD7BoAAAAAElFTkSuQmCC\" alt=\"\" title=\"El muelle de Alto Nivel, una idea superadora de su tiempo, y hoy un paseo \u00fanico con vista al r\u00edo\" data-type=\"image_tag\" data-img-url=\"https:\/\/www.puertocdelu.com.ar\/wp-content\/uploads\/2026\/02\/Puerto-Muelle-Albun-1920-1-218x150.jpg\"  width=\"218\" height=\"150\" \/><\/a><\/div>            <div class=\"td-meta-info-container\">\r\n                <div class=\"td-meta-align\">\r\n                    <div class=\"td-big-grid-meta\">\r\n                        <a href=\"https:\/\/www.puertocdelu.com.ar\/index.php\/category\/lugar-con-historia\/\" class=\"td-post-category\" >LUGAR CON HISTORIA<\/a>                        <h3 class=\"entry-title td-module-title\"><a href=\"https:\/\/www.puertocdelu.com.ar\/index.php\/2026\/02\/20\/el-muelle-de-alto-nivel-una-idea-superadora-de-su-tiempo-y-un-paseo-con-vista-al-rio\/\"  rel=\"bookmark\" title=\"El muelle de Alto Nivel, una idea superadora de su tiempo, y hoy un paseo \u00fanico con vista al r\u00edo\">El muelle de Alto Nivel, una idea superadora de su tiempo, y hoy un paseo \u00fanico con vista al r\u00edo<\/a><\/h3>                    <\/div>\r\n                <\/div>\r\n            <\/div>\r\n\r\n        <\/div>\r\n\r\n        \r\n        <div class=\"td_module_mx13 td-animation-stack td-big-grid-post-5 td-big-grid-post td-tiny-thumb\">\r\n            <div class=\"td-module-thumb\"><a href=\"https:\/\/www.puertocdelu.com.ar\/index.php\/2026\/02\/20\/requisitos-y-especificaciones-tecnicas\/\"  rel=\"bookmark\" class=\"td-image-wrap \" title=\"REQUISITOS Y ESPECIFICACIONES T\u00c9CNICAS\" ><img loading=\"lazy\" decoding=\"async\" class=\"entry-thumb\" src=\"data:image\/png;base64,iVBORw0KGgoAAAANSUhEUgAAANoAAACWAQMAAACCSQSPAAAAA1BMVEWurq51dlI4AAAAAXRSTlMmkutdmwAAABpJREFUWMPtwQENAAAAwiD7p7bHBwwAAAAg7RD+AAGXD7BoAAAAAElFTkSuQmCC\"alt=\"\" data-type=\"image_tag\" data-img-url=\"https:\/\/www.puertocdelu.com.ar\/wp-content\/plugins\/td-composer\/legacy\/Newspaper\/assets\/images\/no-thumb\/td_218x150.png\"  width=\"218\" height=\"150\" \/><\/a><\/div>            <div class=\"td-meta-info-container\">\r\n                <div class=\"td-meta-align\">\r\n                    <div class=\"td-big-grid-meta\">\r\n                        <a href=\"https:\/\/www.puertocdelu.com.ar\/index.php\/category\/sin-categoria\/\" class=\"td-post-category\" >Sin categor\u00eda<\/a>                        <h3 class=\"entry-title td-module-title\"><a href=\"https:\/\/www.puertocdelu.com.ar\/index.php\/2026\/02\/20\/requisitos-y-especificaciones-tecnicas\/\"  rel=\"bookmark\" title=\"REQUISITOS Y ESPECIFICACIONES T\u00c9CNICAS\">REQUISITOS Y ESPECIFICACIONES T\u00c9CNICAS<\/a><\/h3>                    <\/div>\r\n                <\/div>\r\n            <\/div>\r\n\r\n        <\/div>\r\n\r\n        \r\n        <div class=\"td_module_mx13 td-animation-stack td-big-grid-post-6 td-big-grid-post td-tiny-thumb\">\r\n            <div class=\"td-module-thumb\"><a href=\"https:\/\/www.puertocdelu.com.ar\/index.php\/2026\/02\/19\/propuestas-del-programa-ril-para-la-intervencion-en-la-zona-de-la-vieja-aduana-y-el-muelle-de-alto-nivel\/\"  rel=\"bookmark\" class=\"td-image-wrap \" title=\"PROPUESTAS DEL PROGRAMA RIL PARA LA INTERVENCI\u00d3N EN LA ZONA DE LA VIEJA ADUANA, EL MUELLE DE ALTO NIVEL, Y PLAZOLETA MARIANO L\u00d3PEZ\" ><img loading=\"lazy\" decoding=\"async\" class=\"entry-thumb\" src=\"data:image\/png;base64,iVBORw0KGgoAAAANSUhEUgAAANoAAACWAQMAAACCSQSPAAAAA1BMVEWurq51dlI4AAAAAXRSTlMmkutdmwAAABpJREFUWMPtwQENAAAAwiD7p7bHBwwAAAAg7RD+AAGXD7BoAAAAAElFTkSuQmCC\" alt=\"\" title=\"PROPUESTAS DEL PROGRAMA RIL PARA LA INTERVENCI\u00d3N EN LA ZONA DE LA VIEJA ADUANA, EL MUELLE DE ALTO NIVEL, Y PLAZOLETA MARIANO L\u00d3PEZ\" data-type=\"image_tag\" data-img-url=\"https:\/\/www.puertocdelu.com.ar\/wp-content\/uploads\/2026\/02\/04-2-218x150.jpg\"  width=\"218\" height=\"150\" \/><\/a><\/div>            <div class=\"td-meta-info-container\">\r\n                <div class=\"td-meta-align\">\r\n                    <div class=\"td-big-grid-meta\">\r\n                        <a href=\"https:\/\/www.puertocdelu.com.ar\/index.php\/category\/ril\/\" class=\"td-post-category\" >RIL<\/a>                        <h3 class=\"entry-title td-module-title\"><a href=\"https:\/\/www.puertocdelu.com.ar\/index.php\/2026\/02\/19\/propuestas-del-programa-ril-para-la-intervencion-en-la-zona-de-la-vieja-aduana-y-el-muelle-de-alto-nivel\/\"  rel=\"bookmark\" title=\"PROPUESTAS DEL PROGRAMA RIL PARA LA INTERVENCI\u00d3N EN LA ZONA DE LA VIEJA ADUANA, EL MUELLE DE ALTO NIVEL, Y PLAZOLETA MARIANO L\u00d3PEZ\">PROPUESTAS DEL PROGRAMA RIL PARA LA INTERVENCI\u00d3N EN LA ZONA DE LA VIEJA ADUANA, EL MUELLE DE ALTO NIVEL, Y PLAZOLETA MARIANO L\u00d3PEZ<\/a><\/h3>                    <\/div>\r\n                <\/div>\r\n            <\/div>\r\n\r\n        <\/div>\r\n\r\n        <\/div><\/div><div class=\"clearfix\"><\/div><\/div><\/div> <!-- .\/block --><\/div><\/div><\/div><\/div><div id=\"tdi_6\" class=\"tdc-row stretch_row\"><div class=\"vc_row tdi_7 import_video_ad_bg wpb_row td-pb-row\" >\n<style scoped>\n\/* custom css - generated by TagDiv Composer *\/\n\n\/* custom css - generated by TagDiv Composer *\/\n.tdi_7,\r\n                .tdi_7 .tdc-columns{\r\n                    min-height: 0;\r\n                }.tdi_7,\r\n\t\t\t\t.tdi_7 .tdc-columns{\r\n\t\t\t\t    display: block;\r\n\t\t\t\t}.tdi_7 .tdc-columns{\r\n\t\t\t\t    width: 100%;\r\n\t\t\t\t}.tdi_7:before,\r\n\t\t\t\t.tdi_7:after{\r\n\t\t\t\t    display: table;\r\n\t\t\t\t}\n<\/style><div class=\"vc_column tdi_9  wpb_column vc_column_container tdc-column td-pb-span12\">\n<style scoped>\n\/* custom css - generated by TagDiv Composer *\/\n\n\/* custom css - generated by TagDiv Composer *\/\n.tdi_9{\r\n                    vertical-align: baseline;\r\n                }.tdi_9 > .wpb_wrapper,\r\n\t\t\t\t.tdi_9 > .wpb_wrapper > .tdc-elements{\r\n\t\t\t\t    display: block;\r\n\t\t\t\t}.tdi_9 > .wpb_wrapper > .tdc-elements{\r\n\t\t\t\t    width: 100%;\r\n\t\t\t\t}.tdi_9 > .wpb_wrapper > .vc_row_inner{\r\n\t\t\t\t    width: auto;\r\n\t\t\t\t}.tdi_9 > .wpb_wrapper{\r\n\t\t\t\t    width: auto;\r\n\t\t\t\t    height: auto;\r\n\t\t\t\t}\n<\/style><div class=\"wpb_wrapper\" ><\/div><\/div><\/div><\/div><div id=\"tdi_11\" class=\"tdc-row\"><div class=\"vc_row tdi_12 td-ss-row wpb_row td-pb-row\" >\n<style scoped>\n\/* custom css - generated by TagDiv Composer *\/\n\n\/* custom css - generated by TagDiv Composer *\/\n.tdi_12,\r\n                .tdi_12 .tdc-columns{\r\n                    min-height: 0;\r\n                }.tdi_12,\r\n\t\t\t\t.tdi_12 .tdc-columns{\r\n\t\t\t\t    display: block;\r\n\t\t\t\t}.tdi_12 .tdc-columns{\r\n\t\t\t\t    width: 100%;\r\n\t\t\t\t}.tdi_12:before,\r\n\t\t\t\t.tdi_12:after{\r\n\t\t\t\t    display: table;\r\n\t\t\t\t}\n<\/style><div class=\"vc_column tdi_14  wpb_column vc_column_container tdc-column td-pb-span8\">\n<style scoped>\n\/* custom css - generated by TagDiv Composer *\/\n\n\/* custom css - generated by TagDiv Composer *\/\n.tdi_14{\r\n                    vertical-align: baseline;\r\n                }.tdi_14 > .wpb_wrapper,\r\n\t\t\t\t.tdi_14 > .wpb_wrapper > .tdc-elements{\r\n\t\t\t\t    display: block;\r\n\t\t\t\t}.tdi_14 > .wpb_wrapper > .tdc-elements{\r\n\t\t\t\t    width: 100%;\r\n\t\t\t\t}.tdi_14 > .wpb_wrapper > .vc_row_inner{\r\n\t\t\t\t    width: auto;\r\n\t\t\t\t}.tdi_14 > .wpb_wrapper{\r\n\t\t\t\t    width: auto;\r\n\t\t\t\t    height: auto;\r\n\t\t\t\t}\n<\/style><div class=\"wpb_wrapper\" ><div class=\"td_block_wrap td_block_3 tdi_15 td_with_ajax_pagination td-pb-border-top td_block_template_1 td-column-2 td_block_padding\"  data-td-block-uid=\"tdi_15\" >\n<style>\n.td-block-title-wrap .td-wrapper-pulldown-filter {\r\n                    font-family: var(--td_default_google_font_2, 'Roboto', sans-serif);\r\n                    position: absolute;\r\n                    bottom: 0;\r\n                    right: 0;\r\n                    top: 0;\r\n                    margin: auto 0;\r\n                    z-index: 2;\r\n                    background-color: #fff;\r\n                    font-size: 13px;\r\n                    line-height: 1;\r\n                    color: #777;\r\n                    text-align: right;\r\n                }\r\n                .td-block-title-wrap .td-wrapper-pulldown-filter .td-pulldown-filter-display-option {\r\n                    cursor: pointer;\r\n                    white-space: nowrap;\r\n                    position: relative;\r\n                    line-height: 29px;\r\n                }\r\n                .td-block-title-wrap .td-wrapper-pulldown-filter .td-pulldown-filter-display-option i {\r\n                    font-size: 9px;\r\n                    color: #777;\r\n                    margin-left: 20px;\r\n                    margin-right: 10px;\r\n                }\r\n                .td-block-title-wrap .td-wrapper-pulldown-filter .td-pulldown-filter-display-option i:before {\r\n                    content: '\\e83d';\r\n                }\r\n                .td-block-title-wrap .td-wrapper-pulldown-filter .td-pulldown-filter-display-option span {\r\n                    padding-left: 20px;\r\n                    margin-right: -14px;\r\n                }\r\n                @media (max-width: 360px) {\r\n                    .td-block-title-wrap .td-wrapper-pulldown-filter .td-pulldown-filter-display-option span {\r\n                        display: none;\r\n                    }\r\n                }\r\n                .td-block-title-wrap .td-pulldown-filter-display-option:hover,\r\n                .td-block-title-wrap .td-pulldown-filter-display-option:hover i {\r\n                    color: #4db2ec;\r\n                }\r\n                .td-block-title-wrap .td-wrapper-pulldown-filter .td-pulldown-filter-display-option:hover ul {\r\n                    display: block;\r\n                }\r\n                .td-block-title-wrap .td-wrapper-pulldown-filter .td-pulldown-filter-list {\r\n                    list-style: none;\r\n                    position: absolute;\r\n                    right: 0;\r\n                    top: 100%;\r\n                    padding: 18px 0;\r\n                    background-color: rgb(255, 255, 255);\r\n                    background-color: rgba(255, 255, 255, 0.95);\r\n                    z-index: 999;\r\n                    border-width: 1px;\r\n                    border-color: #ededed;\r\n                    border-style: solid;\r\n                    display: none;\r\n                    margin: 0;\r\n                }\r\n                .td-block-title-wrap .td-wrapper-pulldown-filter .td-pulldown-filter-item {\r\n                    list-style: none;\r\n                    margin: 0;\r\n                }\r\n                .td-block-title-wrap .td-pulldown-filter-item .td-cur-simple-item {\r\n                    color: #4db2ec;\r\n                }\r\n                .td-block-title-wrap .td-wrapper-pulldown-filter .td-pulldown-more {\r\n                    padding-bottom: 10px;\r\n                }\r\n                .td-block-title-wrap .td-wrapper-pulldown-filter .td-pulldown-more:before {\r\n                    content: '';\r\n                    width: 70px;\r\n                    height: 100%;\r\n                    position: absolute;\r\n                    margin-top: 2px;\r\n                    top: 0;\r\n                    right: 0;\r\n                    z-index: 1;\r\n                    opacity: 0;\r\n                }\r\n                .td-block-title-wrap .td-wrapper-pulldown-filter .td-pulldown-filter-link {\r\n                    color: #777;\r\n                    white-space: nowrap;\r\n                    display: block;\r\n                    line-height: 26px;\r\n                    padding-left: 36px;\r\n                    padding-right: 27px;\r\n                }\r\n                .td-block-title-wrap .td-pulldown-filter-link:hover {\r\n                    color: #4db2ec;\r\n                }\r\n                @media (min-width: 768px) and (max-width: 1018px) {\r\n                    .td-pb-span4 .td-block-title-wrap .td-wrapper-pulldown-filter .td-pulldown-filter-display-option span {\r\n                        display: none;\r\n                    }\r\n                    .td-pb-span4 .td-block-title-wrap .td-wrapper-pulldown-filter .td-pulldown-filter-link {\r\n                        padding-left: 24px;\r\n                        padding-right: 20px !important;\r\n                    }\r\n                }\n<\/style><script>var block_tdi_15 = new tdBlock();\nblock_tdi_15.id = \"tdi_15\";\nblock_tdi_15.atts = '{\"sort\":\"\",\"limit\":\"4\",\"custom_title\":\"POPULAR VIDEOS\",\"td_ajax_filter_type\":\"td_category_ids_filter\",\"td_ajax_filter_ids\":\"\",\"td_filter_default_txt\":\"All\",\"ajax_pagination\":\"next_prev\",\"block_type\":\"td_block_3\",\"separator\":\"\",\"custom_url\":\"\",\"block_template_id\":\"\",\"m1_tl\":\"\",\"post_ids\":\"\",\"category_id\":\"\",\"taxonomies\":\"\",\"category_ids\":\"\",\"in_all_terms\":\"\",\"tag_slug\":\"\",\"autors_id\":\"\",\"installed_post_types\":\"\",\"include_cf_posts\":\"\",\"exclude_cf_posts\":\"\",\"popular_by_date\":\"\",\"linked_posts\":\"\",\"favourite_only\":\"\",\"offset\":\"\",\"open_in_new_window\":\"\",\"show_modified_date\":\"\",\"time_ago\":\"\",\"time_ago_add_txt\":\"ago\",\"time_ago_txt_pos\":\"\",\"review_source\":\"\",\"el_class\":\"\",\"td_ajax_preloading\":\"\",\"f_header_font_header\":\"\",\"f_header_font_title\":\"Block header\",\"f_header_font_settings\":\"\",\"f_header_font_family\":\"\",\"f_header_font_size\":\"\",\"f_header_font_line_height\":\"\",\"f_header_font_style\":\"\",\"f_header_font_weight\":\"\",\"f_header_font_transform\":\"\",\"f_header_font_spacing\":\"\",\"f_header_\":\"\",\"f_ajax_font_title\":\"Ajax categories\",\"f_ajax_font_settings\":\"\",\"f_ajax_font_family\":\"\",\"f_ajax_font_size\":\"\",\"f_ajax_font_line_height\":\"\",\"f_ajax_font_style\":\"\",\"f_ajax_font_weight\":\"\",\"f_ajax_font_transform\":\"\",\"f_ajax_font_spacing\":\"\",\"f_ajax_\":\"\",\"f_more_font_title\":\"Load more button\",\"f_more_font_settings\":\"\",\"f_more_font_family\":\"\",\"f_more_font_size\":\"\",\"f_more_font_line_height\":\"\",\"f_more_font_style\":\"\",\"f_more_font_weight\":\"\",\"f_more_font_transform\":\"\",\"f_more_font_spacing\":\"\",\"f_more_\":\"\",\"m1f_title_font_header\":\"\",\"m1f_title_font_title\":\"Article title\",\"m1f_title_font_settings\":\"\",\"m1f_title_font_family\":\"\",\"m1f_title_font_size\":\"\",\"m1f_title_font_line_height\":\"\",\"m1f_title_font_style\":\"\",\"m1f_title_font_weight\":\"\",\"m1f_title_font_transform\":\"\",\"m1f_title_font_spacing\":\"\",\"m1f_title_\":\"\",\"m1f_cat_font_title\":\"Article category tag\",\"m1f_cat_font_settings\":\"\",\"m1f_cat_font_family\":\"\",\"m1f_cat_font_size\":\"\",\"m1f_cat_font_line_height\":\"\",\"m1f_cat_font_style\":\"\",\"m1f_cat_font_weight\":\"\",\"m1f_cat_font_transform\":\"\",\"m1f_cat_font_spacing\":\"\",\"m1f_cat_\":\"\",\"m1f_meta_font_title\":\"Article meta info\",\"m1f_meta_font_settings\":\"\",\"m1f_meta_font_family\":\"\",\"m1f_meta_font_size\":\"\",\"m1f_meta_font_line_height\":\"\",\"m1f_meta_font_style\":\"\",\"m1f_meta_font_weight\":\"\",\"m1f_meta_font_transform\":\"\",\"m1f_meta_font_spacing\":\"\",\"m1f_meta_\":\"\",\"ajax_pagination_next_prev_swipe\":\"\",\"ajax_pagination_infinite_stop\":\"\",\"css\":\"\",\"tdc_css\":\"\",\"td_column_number\":2,\"header_color\":\"\",\"color_preset\":\"\",\"border_top\":\"\",\"class\":\"tdi_15\",\"tdc_css_class\":\"tdi_15\",\"tdc_css_class_style\":\"tdi_15_rand_style\"}';\nblock_tdi_15.td_column_number = \"2\";\nblock_tdi_15.block_type = \"td_block_3\";\nblock_tdi_15.post_count = \"4\";\nblock_tdi_15.found_posts = \"380\";\nblock_tdi_15.header_color = \"\";\nblock_tdi_15.ajax_pagination_infinite_stop = \"\";\nblock_tdi_15.max_num_pages = \"95\";\ntdBlocksArray.push(block_tdi_15);\n<\/script><div class=\"td-block-title-wrap\"><h4 class=\"block-title td-block-title\"><span class=\"td-pulldown-size\">POPULAR VIDEOS<\/span><\/h4><div class=\"td-pulldown-syle-default td-subcat-filter\" id=\"td_pulldown_tdi_15\"><ul class=\"td-subcat-list\" id=\"td_pulldown_tdi_15_list\"><li class=\"td-subcat-item\"><a class=\"td-subcat-link\" id=\"tdi_16\" data-td_filter_value=\"\" data-td_block_id=\"tdi_15\" href=\"#\">All<\/a><\/li><li class=\"td-subcat-item\"><a class=\"td-subcat-link\" id=\"tdi_17\" data-td_filter_value=\"83\" data-td_block_id=\"tdi_15\" href=\"#\">indice<\/a><\/li><li class=\"td-subcat-item\"><a class=\"td-subcat-link\" id=\"tdi_18\" data-td_filter_value=\"85\" data-td_block_id=\"tdi_15\" href=\"#\">LUGAR CON HISTORIA<\/a><\/li><li class=\"td-subcat-item\"><a class=\"td-subcat-link\" id=\"tdi_19\" data-td_filter_value=\"81\" data-td_block_id=\"tdi_15\" href=\"#\">Noticias<\/a><\/li><li class=\"td-subcat-item\"><a class=\"td-subcat-link\" id=\"tdi_20\" data-td_filter_value=\"86\" data-td_block_id=\"tdi_15\" href=\"#\">RIL<\/a><\/li><li class=\"td-subcat-item\"><a class=\"td-subcat-link\" id=\"tdi_21\" data-td_filter_value=\"84\" data-td_block_id=\"tdi_15\" href=\"#\">slider<\/a><\/li><\/ul><div class=\"td-subcat-dropdown\"><div class=\"td-subcat-more\" aria-haspopup=\"true\"><span>M\u00e1s<\/span><i class=\"td-icon-read-down\"><\/i><\/div><ul class=\"td-pulldown-filter-list\"><\/ul><\/div><\/div><\/div><div id=tdi_15 class=\"td_block_inner\">\n\n\t<div class=\"td-block-row\">\n\n\t<div class=\"td-block-span6\">\n\r\n        <div class=\"td_module_1 td_module_wrap td-animation-stack\">\r\n            <div class=\"td-module-image\">\r\n                <div class=\"td-module-thumb\"><a href=\"https:\/\/www.puertocdelu.com.ar\/index.php\/2026\/04\/20\/dragado-del-rio-uruguay-una-decision-estrategica-que-consolida-nuestra-integracion\/\"  rel=\"bookmark\" class=\"td-image-wrap \" title=\"Dragado del r\u00edo Uruguay: una decisi\u00f3n estrat\u00e9gica que consolida nuestra integraci\u00f3n\" ><img loading=\"lazy\" decoding=\"async\" class=\"entry-thumb\" src=\"data:image\/png;base64,iVBORw0KGgoAAAANSUhEUgAAAUQAAACgAQMAAABOhoelAAAAA1BMVEWurq51dlI4AAAAAXRSTlMmkutdmwAAAB1JREFUWMPtwTEBAAAAwiD7p\/ZdCGAAAAAAAAAQBxpAAAH8le3bAAAAAElFTkSuQmCC\" alt=\"\" title=\"Dragado del r\u00edo Uruguay: una decisi\u00f3n estrat\u00e9gica que consolida nuestra integraci\u00f3n\" data-type=\"image_tag\" data-img-url=\"https:\/\/www.puertocdelu.com.ar\/wp-content\/uploads\/2026\/04\/african-raven02-324x160.jpg\"  width=\"324\" height=\"160\" \/><\/a><\/div>                <a href=\"https:\/\/www.puertocdelu.com.ar\/index.php\/category\/noticias\/\" class=\"td-post-category\" >Noticias<\/a>            <\/div>\r\n            <h3 class=\"entry-title td-module-title\"><a href=\"https:\/\/www.puertocdelu.com.ar\/index.php\/2026\/04\/20\/dragado-del-rio-uruguay-una-decision-estrategica-que-consolida-nuestra-integracion\/\"  rel=\"bookmark\" title=\"Dragado del r\u00edo Uruguay: una decisi\u00f3n estrat\u00e9gica que consolida nuestra integraci\u00f3n\">Dragado del r\u00edo Uruguay: una decisi\u00f3n estrat\u00e9gica que consolida nuestra integraci\u00f3n<\/a><\/h3>\r\n            <div class=\"td-module-meta-info\">\r\n                                <span class=\"td-post-date\"><time class=\"entry-date updated td-module-date\" datetime=\"2026-04-20T22:05:39+00:00\" >20 abril, 2026<\/time><\/span>                            <\/div>\r\n\r\n            \r\n        <\/div>\r\n\r\n        \n\t<\/div> <!-- .\/td-block-span6 -->\n\n\t<div class=\"td-block-span6\">\n\r\n        <div class=\"td_module_1 td_module_wrap td-animation-stack\">\r\n            <div class=\"td-module-image\">\r\n                <div class=\"td-module-thumb\"><a href=\"https:\/\/www.puertocdelu.com.ar\/index.php\/2026\/04\/12\/el-puerto-suma-embarques-de-graneles-y-madera-mientras-se-acopia-maiz-y-arroz\/\"  rel=\"bookmark\" class=\"td-image-wrap \" title=\"El puerto suma embarques de graneles y madera, mientras se acopia ma\u00edz y arroz\" ><img loading=\"lazy\" decoding=\"async\" class=\"entry-thumb\" src=\"data:image\/png;base64,iVBORw0KGgoAAAANSUhEUgAAAUQAAACgAQMAAABOhoelAAAAA1BMVEWurq51dlI4AAAAAXRSTlMmkutdmwAAAB1JREFUWMPtwTEBAAAAwiD7p\/ZdCGAAAAAAAAAQBxpAAAH8le3bAAAAAElFTkSuQmCC\" alt=\"\" title=\"El puerto suma embarques de graneles y madera, mientras se acopia ma\u00edz y arroz\" data-type=\"image_tag\" data-img-url=\"https:\/\/www.puertocdelu.com.ar\/wp-content\/uploads\/2026\/04\/BALANCEADO-04-324x160.jpg\"  width=\"324\" height=\"160\" \/><\/a><\/div>                <a href=\"https:\/\/www.puertocdelu.com.ar\/index.php\/category\/noticias\/\" class=\"td-post-category\" >Noticias<\/a>            <\/div>\r\n            <h3 class=\"entry-title td-module-title\"><a href=\"https:\/\/www.puertocdelu.com.ar\/index.php\/2026\/04\/12\/el-puerto-suma-embarques-de-graneles-y-madera-mientras-se-acopia-maiz-y-arroz\/\"  rel=\"bookmark\" title=\"El puerto suma embarques de graneles y madera, mientras se acopia ma\u00edz y arroz\">El puerto suma embarques de graneles y madera, mientras se acopia...<\/a><\/h3>\r\n            <div class=\"td-module-meta-info\">\r\n                                <span class=\"td-post-date\"><time class=\"entry-date updated td-module-date\" datetime=\"2026-04-12T20:42:57+00:00\" >12 abril, 2026<\/time><\/span>                            <\/div>\r\n\r\n            \r\n        <\/div>\r\n\r\n        \n\t<\/div> <!-- .\/td-block-span6 --><\/div><!--.\/row-fluid-->\n\n\t<div class=\"td-block-row\">\n\n\t<div class=\"td-block-span6\">\n\r\n        <div class=\"td_module_1 td_module_wrap td-animation-stack\">\r\n            <div class=\"td-module-image\">\r\n                <div class=\"td-module-thumb\"><a href=\"https:\/\/www.puertocdelu.com.ar\/index.php\/2026\/03\/30\/cerro-el-plazo-de-presentacion-de-propuestas-para-la-puesta-en-valor-de-la-vieja-aduana-y-el-muelle-de-alto-nivel\/\"  rel=\"bookmark\" class=\"td-image-wrap \" title=\"Cerr\u00f3 el plazo de presentaci\u00f3n de propuestas para la puesta en valor de la Vieja Aduana y el Muelle de Alto Nivel\" ><img loading=\"lazy\" decoding=\"async\" class=\"entry-thumb\" src=\"data:image\/png;base64,iVBORw0KGgoAAAANSUhEUgAAAUQAAACgAQMAAABOhoelAAAAA1BMVEWurq51dlI4AAAAAXRSTlMmkutdmwAAAB1JREFUWMPtwTEBAAAAwiD7p\/ZdCGAAAAAAAAAQBxpAAAH8le3bAAAAAElFTkSuQmCC\" alt=\"\" title=\"Cerr\u00f3 el plazo de presentaci\u00f3n de propuestas para la puesta en valor de la Vieja Aduana y el Muelle de Alto Nivel\" data-type=\"image_tag\" data-img-url=\"https:\/\/www.puertocdelu.com.ar\/wp-content\/uploads\/2026\/02\/Vieja-Aduana-324x160.jpg\"  width=\"324\" height=\"160\" \/><\/a><\/div>                <a href=\"https:\/\/www.puertocdelu.com.ar\/index.php\/category\/noticias\/\" class=\"td-post-category\" >Noticias<\/a>            <\/div>\r\n            <h3 class=\"entry-title td-module-title\"><a href=\"https:\/\/www.puertocdelu.com.ar\/index.php\/2026\/03\/30\/cerro-el-plazo-de-presentacion-de-propuestas-para-la-puesta-en-valor-de-la-vieja-aduana-y-el-muelle-de-alto-nivel\/\"  rel=\"bookmark\" title=\"Cerr\u00f3 el plazo de presentaci\u00f3n de propuestas para la puesta en valor de la Vieja Aduana y el Muelle de Alto Nivel\">Cerr\u00f3 el plazo de presentaci\u00f3n de propuestas para la puesta en...<\/a><\/h3>\r\n            <div class=\"td-module-meta-info\">\r\n                                <span class=\"td-post-date\"><time class=\"entry-date updated td-module-date\" datetime=\"2026-03-30T21:06:10+00:00\" >30 marzo, 2026<\/time><\/span>                            <\/div>\r\n\r\n            \r\n        <\/div>\r\n\r\n        \n\t<\/div> <!-- .\/td-block-span6 -->\n\n\t<div class=\"td-block-span6\">\n\r\n        <div class=\"td_module_1 td_module_wrap td-animation-stack\">\r\n            <div class=\"td-module-image\">\r\n                <div class=\"td-module-thumb\"><a href=\"https:\/\/www.puertocdelu.com.ar\/index.php\/2026\/02\/21\/el-puerto-abre-convocatoria-a-presentacion-de-proyectos-de-inversion-para-poner-en-valor-el-paseo-de-la-vieja-aduana-y-el-muelle-de-alto-nivel\/\"  rel=\"bookmark\" class=\"td-image-wrap \" title=\"El Puerto abre convocatoria a presentaci\u00f3n de Proyectos de Inversi\u00f3n para poner en valor el paseo de la Vieja Aduana y el Muelle de Alto Nivel\" ><img loading=\"lazy\" decoding=\"async\" class=\"entry-thumb\" src=\"data:image\/png;base64,iVBORw0KGgoAAAANSUhEUgAAAUQAAACgAQMAAABOhoelAAAAA1BMVEWurq51dlI4AAAAAXRSTlMmkutdmwAAAB1JREFUWMPtwTEBAAAAwiD7p\/ZdCGAAAAAAAAAQBxpAAAH8le3bAAAAAElFTkSuQmCC\" alt=\"\" title=\"El Puerto abre convocatoria a presentaci\u00f3n de Proyectos de Inversi\u00f3n para poner en valor el paseo de la Vieja Aduana y el Muelle de Alto Nivel\" data-type=\"image_tag\" data-img-url=\"https:\/\/www.puertocdelu.com.ar\/wp-content\/uploads\/2026\/02\/puesta-en-valor-324x160.jpg\"  width=\"324\" height=\"160\" \/><\/a><\/div>                <a href=\"https:\/\/www.puertocdelu.com.ar\/index.php\/category\/noticias\/\" class=\"td-post-category\" >Noticias<\/a>            <\/div>\r\n            <h3 class=\"entry-title td-module-title\"><a href=\"https:\/\/www.puertocdelu.com.ar\/index.php\/2026\/02\/21\/el-puerto-abre-convocatoria-a-presentacion-de-proyectos-de-inversion-para-poner-en-valor-el-paseo-de-la-vieja-aduana-y-el-muelle-de-alto-nivel\/\"  rel=\"bookmark\" title=\"El Puerto abre convocatoria a presentaci\u00f3n de Proyectos de Inversi\u00f3n para poner en valor el paseo de la Vieja Aduana y el Muelle de Alto Nivel\">El Puerto abre convocatoria a presentaci\u00f3n de Proyectos de Inversi\u00f3n para...<\/a><\/h3>\r\n            <div class=\"td-module-meta-info\">\r\n                                <span class=\"td-post-date\"><time class=\"entry-date updated td-module-date\" datetime=\"2026-02-21T14:05:00+00:00\" >21 febrero, 2026<\/time><\/span>                            <\/div>\r\n\r\n            \r\n        <\/div>\r\n\r\n        \n\t<\/div> <!-- .\/td-block-span6 --><\/div><!--.\/row-fluid--><\/div><div class=\"td-next-prev-wrap\"><a href=\"#\" class=\"td-ajax-prev-page ajax-page-disabled\" aria-label=\"prev-page\" id=\"prev-page-tdi_15\" data-td_block_id=\"tdi_15\"><i class=\"td-next-prev-icon td-icon-font td-icon-menu-left\"><\/i><\/a><a href=\"#\"  class=\"td-ajax-next-page\" aria-label=\"next-page\" id=\"next-page-tdi_15\" data-td_block_id=\"tdi_15\"><i class=\"td-next-prev-icon td-icon-font td-icon-menu-right\"><\/i><\/a><\/div><\/div> <!-- .\/block --><div class=\"td_block_wrap td_block_15 tdi_22 td_with_ajax_pagination td-pb-border-top td_block_template_1 td-column-2 td_block_padding\"  data-td-block-uid=\"tdi_22\" ><script>var block_tdi_22 = new tdBlock();\nblock_tdi_22.id = \"tdi_22\";\nblock_tdi_22.atts = '{\"category_id\":\"\",\"category_ids\":\"\",\"tag_slug\":\"\",\"autors_id\":\"\",\"sort\":\"random_posts\",\"installed_post_types\":\"\",\"limit\":\"6\",\"offset\":\"\",\"custom_title\":\"MOVIE TRAILERS\",\"custom_url\":\"\",\"header_text_color\":\"\",\"header_color\":\"\",\"td_ajax_filter_type\":\"\",\"td_ajax_filter_ids\":\"\",\"td_filter_default_txt\":\"All\",\"ajax_pagination\":\"load_more\",\"ajax_pagination_infinite_stop\":\"\",\"block_type\":\"td_block_15\",\"separator\":\"\",\"block_template_id\":\"\",\"mx4_tl\":\"\",\"post_ids\":\"\",\"taxonomies\":\"\",\"in_all_terms\":\"\",\"include_cf_posts\":\"\",\"exclude_cf_posts\":\"\",\"popular_by_date\":\"\",\"linked_posts\":\"\",\"favourite_only\":\"\",\"open_in_new_window\":\"\",\"show_modified_date\":\"\",\"time_ago\":\"\",\"time_ago_add_txt\":\"ago\",\"time_ago_txt_pos\":\"\",\"review_source\":\"\",\"el_class\":\"\",\"td_ajax_preloading\":\"\",\"f_header_font_header\":\"\",\"f_header_font_title\":\"Block header\",\"f_header_font_settings\":\"\",\"f_header_font_family\":\"\",\"f_header_font_size\":\"\",\"f_header_font_line_height\":\"\",\"f_header_font_style\":\"\",\"f_header_font_weight\":\"\",\"f_header_font_transform\":\"\",\"f_header_font_spacing\":\"\",\"f_header_\":\"\",\"f_ajax_font_title\":\"Ajax categories\",\"f_ajax_font_settings\":\"\",\"f_ajax_font_family\":\"\",\"f_ajax_font_size\":\"\",\"f_ajax_font_line_height\":\"\",\"f_ajax_font_style\":\"\",\"f_ajax_font_weight\":\"\",\"f_ajax_font_transform\":\"\",\"f_ajax_font_spacing\":\"\",\"f_ajax_\":\"\",\"f_more_font_title\":\"Load more button\",\"f_more_font_settings\":\"\",\"f_more_font_family\":\"\",\"f_more_font_size\":\"\",\"f_more_font_line_height\":\"\",\"f_more_font_style\":\"\",\"f_more_font_weight\":\"\",\"f_more_font_transform\":\"\",\"f_more_font_spacing\":\"\",\"f_more_\":\"\",\"mx4f_title_font_header\":\"\",\"mx4f_title_font_title\":\"Article title\",\"mx4f_title_font_settings\":\"\",\"mx4f_title_font_family\":\"\",\"mx4f_title_font_size\":\"\",\"mx4f_title_font_line_height\":\"\",\"mx4f_title_font_style\":\"\",\"mx4f_title_font_weight\":\"\",\"mx4f_title_font_transform\":\"\",\"mx4f_title_font_spacing\":\"\",\"mx4f_title_\":\"\",\"mx4f_cat_font_title\":\"Article category tag\",\"mx4f_cat_font_settings\":\"\",\"mx4f_cat_font_family\":\"\",\"mx4f_cat_font_size\":\"\",\"mx4f_cat_font_line_height\":\"\",\"mx4f_cat_font_style\":\"\",\"mx4f_cat_font_weight\":\"\",\"mx4f_cat_font_transform\":\"\",\"mx4f_cat_font_spacing\":\"\",\"mx4f_cat_\":\"\",\"ajax_pagination_next_prev_swipe\":\"\",\"css\":\"\",\"tdc_css\":\"\",\"td_column_number\":2,\"color_preset\":\"\",\"border_top\":\"\",\"class\":\"tdi_22\",\"tdc_css_class\":\"tdi_22\",\"tdc_css_class_style\":\"tdi_22_rand_style\"}';\nblock_tdi_22.td_column_number = \"2\";\nblock_tdi_22.block_type = \"td_block_15\";\nblock_tdi_22.post_count = \"6\";\nblock_tdi_22.found_posts = \"380\";\nblock_tdi_22.header_color = \"\";\nblock_tdi_22.ajax_pagination_infinite_stop = \"\";\nblock_tdi_22.max_num_pages = \"64\";\ntdBlocksArray.push(block_tdi_22);\n<\/script><div class=\"td-block-title-wrap\"><h4 class=\"block-title td-block-title\"><span class=\"td-pulldown-size\">MOVIE TRAILERS<\/span><\/h4><\/div><div id=tdi_22 class=\"td_block_inner td-column-2\">\n\n\t<div class=\"td-block-row\">\n\n\t<div class=\"td-block-span4\">\n\r\n        <div class=\"td_module_mx4 td_module_wrap td-animation-stack\">\r\n            <div class=\"td-module-image\">\r\n                <div class=\"td-module-thumb\"><a href=\"https:\/\/www.puertocdelu.com.ar\/index.php\/2018\/12\/16\/el-uni-bulker-zarpo-con-un-nuevo-embarque-de-madera-hacia-china\/\"  rel=\"bookmark\" class=\"td-image-wrap \" title=\"El \u00abUni Bulker\u00bb zarp\u00f3 con un nuevo embarque de madera hacia China\" ><img loading=\"lazy\" decoding=\"async\" class=\"entry-thumb\" src=\"data:image\/png;base64,iVBORw0KGgoAAAANSUhEUgAAANoAAACWAQMAAACCSQSPAAAAA1BMVEWurq51dlI4AAAAAXRSTlMmkutdmwAAABpJREFUWMPtwQENAAAAwiD7p7bHBwwAAAAg7RD+AAGXD7BoAAAAAElFTkSuQmCC\" alt=\"\" title=\"El \u00abUni Bulker\u00bb zarp\u00f3 con un nuevo embarque de madera hacia China\" data-type=\"image_tag\" data-img-url=\"https:\/\/www.puertocdelu.com.ar\/wp-content\/uploads\/2018\/12\/Uni01-218x150.jpg\"  width=\"218\" height=\"150\" \/><\/a><\/div>                <a href=\"https:\/\/www.puertocdelu.com.ar\/index.php\/category\/noticias\/\" class=\"td-post-category\" >Noticias<\/a>            <\/div>\r\n\r\n            <h3 class=\"entry-title td-module-title\"><a href=\"https:\/\/www.puertocdelu.com.ar\/index.php\/2018\/12\/16\/el-uni-bulker-zarpo-con-un-nuevo-embarque-de-madera-hacia-china\/\"  rel=\"bookmark\" title=\"El \u00abUni Bulker\u00bb zarp\u00f3 con un nuevo embarque de madera hacia China\">El \u00abUni Bulker\u00bb zarp\u00f3 con un nuevo embarque de madera hacia...<\/a><\/h3>\r\n        <\/div>\r\n\r\n        \n\t<\/div> <!-- .\/td-block-span4 -->\n\n\t<div class=\"td-block-span4\">\n\r\n        <div class=\"td_module_mx4 td_module_wrap td-animation-stack\">\r\n            <div class=\"td-module-image\">\r\n                <div class=\"td-module-thumb\"><a href=\"https:\/\/www.puertocdelu.com.ar\/index.php\/2026\/02\/12\/edificio-resguardo-o-aduana-vieja\/\"  rel=\"bookmark\" class=\"td-image-wrap \" title=\"Edificio de Resguardo de la Aduana, hoy conocido como \u00abAduana Vieja\u00bb\" ><img loading=\"lazy\" decoding=\"async\" class=\"entry-thumb\" src=\"data:image\/png;base64,iVBORw0KGgoAAAANSUhEUgAAANoAAACWAQMAAACCSQSPAAAAA1BMVEWurq51dlI4AAAAAXRSTlMmkutdmwAAABpJREFUWMPtwQENAAAAwiD7p7bHBwwAAAAg7RD+AAGXD7BoAAAAAElFTkSuQmCC\" alt=\"\" title=\"Edificio de Resguardo de la Aduana, hoy conocido como \u00abAduana Vieja\u00bb\" data-type=\"image_tag\" data-img-url=\"https:\/\/www.puertocdelu.com.ar\/wp-content\/uploads\/2026\/02\/n047219250801estacinfluvial-e1770857612727-218x150.jpg\"  width=\"218\" height=\"150\" \/><\/a><\/div>                <a href=\"https:\/\/www.puertocdelu.com.ar\/index.php\/category\/lugar-con-historia\/\" class=\"td-post-category\" >LUGAR CON HISTORIA<\/a>            <\/div>\r\n\r\n            <h3 class=\"entry-title td-module-title\"><a href=\"https:\/\/www.puertocdelu.com.ar\/index.php\/2026\/02\/12\/edificio-resguardo-o-aduana-vieja\/\"  rel=\"bookmark\" title=\"Edificio de Resguardo de la Aduana, hoy conocido como \u00abAduana Vieja\u00bb\">Edificio de Resguardo de la Aduana, hoy conocido como \u00abAduana Vieja\u00bb<\/a><\/h3>\r\n        <\/div>\r\n\r\n        \n\t<\/div> <!-- .\/td-block-span4 -->\n\n\t<div class=\"td-block-span4\">\n\r\n        <div class=\"td_module_mx4 td_module_wrap td-animation-stack\">\r\n            <div class=\"td-module-image\">\r\n                <div class=\"td-module-thumb\"><a href=\"https:\/\/www.puertocdelu.com.ar\/index.php\/2021\/05\/08\/el-fragrant-athena-ingreso-al-puerto-de-concepcion-del-uruguay\/\"  rel=\"bookmark\" class=\"td-image-wrap \" title=\"El Fragrant Athena ingres\u00f3 al puerto de Concepci\u00f3n del Uruguay\" ><img loading=\"lazy\" decoding=\"async\" class=\"entry-thumb\" src=\"data:image\/png;base64,iVBORw0KGgoAAAANSUhEUgAAANoAAACWAQMAAACCSQSPAAAAA1BMVEWurq51dlI4AAAAAXRSTlMmkutdmwAAABpJREFUWMPtwQENAAAAwiD7p7bHBwwAAAAg7RD+AAGXD7BoAAAAAElFTkSuQmCC\" alt=\"\" title=\"El Fragrant Athena ingres\u00f3 al puerto de Concepci\u00f3n del Uruguay\" data-type=\"image_tag\" data-img-url=\"https:\/\/www.puertocdelu.com.ar\/wp-content\/uploads\/2021\/05\/maxresdefault-218x150.jpg\"  width=\"218\" height=\"150\" \/><span class=\"td-video-play-ico\"><i class=\"td-icon-video-thumb-play\"><\/i><\/span><\/a><\/div>                <a href=\"https:\/\/www.puertocdelu.com.ar\/index.php\/category\/noticias\/\" class=\"td-post-category\" >Noticias<\/a>            <\/div>\r\n\r\n            <h3 class=\"entry-title td-module-title\"><a href=\"https:\/\/www.puertocdelu.com.ar\/index.php\/2021\/05\/08\/el-fragrant-athena-ingreso-al-puerto-de-concepcion-del-uruguay\/\"  rel=\"bookmark\" title=\"El Fragrant Athena ingres\u00f3 al puerto de Concepci\u00f3n del Uruguay\">El Fragrant Athena ingres\u00f3 al puerto de Concepci\u00f3n del Uruguay<\/a><\/h3>\r\n        <\/div>\r\n\r\n        \n\t<\/div> <!-- .\/td-block-span4 --><\/div><!--.\/row-fluid-->\n\n\t<div class=\"td-block-row\">\n\n\t<div class=\"td-block-span4\">\n\r\n        <div class=\"td_module_mx4 td_module_wrap td-animation-stack\">\r\n            <div class=\"td-module-image\">\r\n                <div class=\"td-module-thumb\"><a href=\"https:\/\/www.puertocdelu.com.ar\/index.php\/2020\/07\/20\/en-18-meses-los-puertos-entrerrianos-suman-29-buques-con-exportaciones-al-mundo\/\"  rel=\"bookmark\" class=\"td-image-wrap \" title=\"En 18 meses los puertos entrerrianos suman 29 buques con exportaciones al mundo\" ><img loading=\"lazy\" decoding=\"async\" class=\"entry-thumb\" src=\"data:image\/png;base64,iVBORw0KGgoAAAANSUhEUgAAANoAAACWAQMAAACCSQSPAAAAA1BMVEWurq51dlI4AAAAAXRSTlMmkutdmwAAABpJREFUWMPtwQENAAAAwiD7p7bHBwwAAAAg7RD+AAGXD7BoAAAAAElFTkSuQmCC\" alt=\"\" title=\"En 18 meses los puertos entrerrianos suman 29 buques con exportaciones al mundo\" data-type=\"image_tag\" data-img-url=\"https:\/\/www.puertocdelu.com.ar\/wp-content\/uploads\/2020\/07\/mount-aso-218x150.jpg\"  width=\"218\" height=\"150\" \/><\/a><\/div>                <a href=\"https:\/\/www.puertocdelu.com.ar\/index.php\/category\/noticias\/\" class=\"td-post-category\" >Noticias<\/a>            <\/div>\r\n\r\n            <h3 class=\"entry-title td-module-title\"><a href=\"https:\/\/www.puertocdelu.com.ar\/index.php\/2020\/07\/20\/en-18-meses-los-puertos-entrerrianos-suman-29-buques-con-exportaciones-al-mundo\/\"  rel=\"bookmark\" title=\"En 18 meses los puertos entrerrianos suman 29 buques con exportaciones al mundo\">En 18 meses los puertos entrerrianos suman 29 buques con exportaciones...<\/a><\/h3>\r\n        <\/div>\r\n\r\n        \n\t<\/div> <!-- .\/td-block-span4 -->\n\n\t<div class=\"td-block-span4\">\n\r\n        <div class=\"td_module_mx4 td_module_wrap td-animation-stack\">\r\n            <div class=\"td-module-image\">\r\n                <div class=\"td-module-thumb\"><a href=\"https:\/\/www.puertocdelu.com.ar\/index.php\/2024\/10\/30\/siguen-creciendo-las-cifras-de-cargas-movilizadas-desde-el-puerto-de-concepcion-del-uruguay\/\"  rel=\"bookmark\" class=\"td-image-wrap \" title=\"Siguen creciendo las cifras de cargas movilizadas desde el puerto de Concepci\u00f3n del Uruguay\" ><img loading=\"lazy\" decoding=\"async\" class=\"entry-thumb\" src=\"data:image\/png;base64,iVBORw0KGgoAAAANSUhEUgAAANoAAACWAQMAAACCSQSPAAAAA1BMVEWurq51dlI4AAAAAXRSTlMmkutdmwAAABpJREFUWMPtwQENAAAAwiD7p7bHBwwAAAAg7RD+AAGXD7BoAAAAAElFTkSuQmCC\" alt=\"\" title=\"Siguen creciendo las cifras de cargas movilizadas desde el puerto de Concepci\u00f3n del Uruguay\" data-type=\"image_tag\" data-img-url=\"https:\/\/www.puertocdelu.com.ar\/wp-content\/uploads\/2024\/10\/barcaza-madera-01-218x150.jpg\"  width=\"218\" height=\"150\" \/><\/a><\/div>                <a href=\"https:\/\/www.puertocdelu.com.ar\/index.php\/category\/noticias\/\" class=\"td-post-category\" >Noticias<\/a>            <\/div>\r\n\r\n            <h3 class=\"entry-title td-module-title\"><a href=\"https:\/\/www.puertocdelu.com.ar\/index.php\/2024\/10\/30\/siguen-creciendo-las-cifras-de-cargas-movilizadas-desde-el-puerto-de-concepcion-del-uruguay\/\"  rel=\"bookmark\" title=\"Siguen creciendo las cifras de cargas movilizadas desde el puerto de Concepci\u00f3n del Uruguay\">Siguen creciendo las cifras de cargas movilizadas desde el puerto de...<\/a><\/h3>\r\n        <\/div>\r\n\r\n        \n\t<\/div> <!-- .\/td-block-span4 -->\n\n\t<div class=\"td-block-span4\">\n\r\n        <div class=\"td_module_mx4 td_module_wrap td-animation-stack\">\r\n            <div class=\"td-module-image\">\r\n                <div class=\"td-module-thumb\"><a href=\"https:\/\/www.puertocdelu.com.ar\/index.php\/2016\/09\/11\/marriott-plays-with-sensory-rich-virtual-reality-getaways\/\"  rel=\"bookmark\" class=\"td-image-wrap \" title=\"Marriott Plays With Sensory-Rich Virtual Reality Getaways\" ><img loading=\"lazy\" decoding=\"async\" class=\"entry-thumb\" src=\"data:image\/png;base64,iVBORw0KGgoAAAANSUhEUgAAANoAAACWAQMAAACCSQSPAAAAA1BMVEWurq51dlI4AAAAAXRSTlMmkutdmwAAABpJREFUWMPtwQENAAAAwiD7p7bHBwwAAAAg7RD+AAGXD7BoAAAAAElFTkSuQmCC\" alt=\"\" title=\"Marriott Plays With Sensory-Rich Virtual Reality Getaways\" data-type=\"image_tag\" data-img-url=\"https:\/\/www.puertocdelu.com.ar\/wp-content\/uploads\/2016\/09\/10-218x150.jpg\"  width=\"218\" height=\"150\" \/><\/a><\/div>                <a href=\"https:\/\/www.puertocdelu.com.ar\/index.php\/category\/sin-categoria\/\" class=\"td-post-category\" >Sin categor\u00eda<\/a>            <\/div>\r\n\r\n            <h3 class=\"entry-title td-module-title\"><a href=\"https:\/\/www.puertocdelu.com.ar\/index.php\/2016\/09\/11\/marriott-plays-with-sensory-rich-virtual-reality-getaways\/\"  rel=\"bookmark\" title=\"Marriott Plays With Sensory-Rich Virtual Reality Getaways\">Marriott Plays With Sensory-Rich Virtual Reality Getaways<\/a><\/h3>\r\n        <\/div>\r\n\r\n        \n\t<\/div> <!-- .\/td-block-span4 --><\/div><!--.\/row-fluid--><\/div><div class=\"td-load-more-wrap\"><a href=\"#\" class=\"td_ajax_load_more td_ajax_load_more_js\" aria-label=\"Cargar m\u00e1s\" id=\"next-page-tdi_22\" data-td_block_id=\"tdi_22\">Cargar m\u00e1s<i class=\"td-load-more-icon td-icon-font td-icon-menu-right\"><\/i><\/a><\/div><\/div> <!-- .\/block --><div class=\"clearfix\"><\/div><div class=\"td-a-rec td-a-rec-id-custom_ad_2  tdi_23 td_block_template_1\">\n<style>\n\/* custom css - generated by TagDiv Composer *\/\n.tdi_23.td-a-rec{\r\n\t\t\t\t\ttext-align: center;\r\n\t\t\t\t}.tdi_23.td-a-rec:not(.td-a-rec-no-translate){\r\n\t\t\t\t    transform: translateZ(0);\r\n\t\t\t\t}.tdi_23 .td-element-style{\r\n\t\t\t\t\tz-index: -1;\r\n\t\t\t\t}.tdi_23.td-a-rec-img{\r\n\t\t\t\t    text-align: left;\r\n\t\t\t\t}.tdi_23.td-a-rec-img img{\r\n                    margin: 0 auto 0 0;\r\n                }.tdi_23 .td_spot_img_all img,\r\n\t\t\t\t.tdi_23 .td_spot_img_tl img,\r\n\t\t\t\t.tdi_23 .td_spot_img_tp img,\r\n\t\t\t\t.tdi_23 .td_spot_img_mob img{\r\n\t\t\t\t    border-style: none;\r\n\t\t\t\t}@media (max-width: 767px) {\r\n\t\t\t\t    .tdi_23.td-a-rec-img {\r\n\t\t\t\t        text-align: center;\r\n\t\t\t\t    }\r\n                }\n<\/style><span class=\"td-adspot-title\">Advertisement <\/span><div class=\"td-all-devices\"><a href=\"#\"><img decoding=\"async\" src=\"https:\/\/www.puertocdelu.com.ar\/puerto\/wp-content\/uploads\/2016\/09\/rec728.jpg\"\/><\/a><\/div><\/div><div class=\"td_block_wrap td_block_15 tdi_24 td_with_ajax_pagination td-pb-border-top td_block_template_1 td-column-2 td_block_padding\"  data-td-block-uid=\"tdi_24\" ><script>var block_tdi_24 = new tdBlock();\nblock_tdi_24.id = \"tdi_24\";\nblock_tdi_24.atts = '{\"category_id\":\"\",\"category_ids\":\"\",\"tag_slug\":\"\",\"autors_id\":\"\",\"sort\":\"random_posts\",\"installed_post_types\":\"\",\"limit\":\"6\",\"offset\":\"\",\"custom_title\":\"GAMEPLAY\",\"custom_url\":\"\",\"header_text_color\":\"\",\"header_color\":\"\",\"td_ajax_filter_type\":\"\",\"td_ajax_filter_ids\":\"\",\"td_filter_default_txt\":\"All\",\"ajax_pagination\":\"load_more\",\"ajax_pagination_infinite_stop\":\"\",\"block_type\":\"td_block_15\",\"separator\":\"\",\"block_template_id\":\"\",\"mx4_tl\":\"\",\"post_ids\":\"\",\"taxonomies\":\"\",\"in_all_terms\":\"\",\"include_cf_posts\":\"\",\"exclude_cf_posts\":\"\",\"popular_by_date\":\"\",\"linked_posts\":\"\",\"favourite_only\":\"\",\"open_in_new_window\":\"\",\"show_modified_date\":\"\",\"time_ago\":\"\",\"time_ago_add_txt\":\"ago\",\"time_ago_txt_pos\":\"\",\"review_source\":\"\",\"el_class\":\"\",\"td_ajax_preloading\":\"\",\"f_header_font_header\":\"\",\"f_header_font_title\":\"Block header\",\"f_header_font_settings\":\"\",\"f_header_font_family\":\"\",\"f_header_font_size\":\"\",\"f_header_font_line_height\":\"\",\"f_header_font_style\":\"\",\"f_header_font_weight\":\"\",\"f_header_font_transform\":\"\",\"f_header_font_spacing\":\"\",\"f_header_\":\"\",\"f_ajax_font_title\":\"Ajax categories\",\"f_ajax_font_settings\":\"\",\"f_ajax_font_family\":\"\",\"f_ajax_font_size\":\"\",\"f_ajax_font_line_height\":\"\",\"f_ajax_font_style\":\"\",\"f_ajax_font_weight\":\"\",\"f_ajax_font_transform\":\"\",\"f_ajax_font_spacing\":\"\",\"f_ajax_\":\"\",\"f_more_font_title\":\"Load more button\",\"f_more_font_settings\":\"\",\"f_more_font_family\":\"\",\"f_more_font_size\":\"\",\"f_more_font_line_height\":\"\",\"f_more_font_style\":\"\",\"f_more_font_weight\":\"\",\"f_more_font_transform\":\"\",\"f_more_font_spacing\":\"\",\"f_more_\":\"\",\"mx4f_title_font_header\":\"\",\"mx4f_title_font_title\":\"Article title\",\"mx4f_title_font_settings\":\"\",\"mx4f_title_font_family\":\"\",\"mx4f_title_font_size\":\"\",\"mx4f_title_font_line_height\":\"\",\"mx4f_title_font_style\":\"\",\"mx4f_title_font_weight\":\"\",\"mx4f_title_font_transform\":\"\",\"mx4f_title_font_spacing\":\"\",\"mx4f_title_\":\"\",\"mx4f_cat_font_title\":\"Article category tag\",\"mx4f_cat_font_settings\":\"\",\"mx4f_cat_font_family\":\"\",\"mx4f_cat_font_size\":\"\",\"mx4f_cat_font_line_height\":\"\",\"mx4f_cat_font_style\":\"\",\"mx4f_cat_font_weight\":\"\",\"mx4f_cat_font_transform\":\"\",\"mx4f_cat_font_spacing\":\"\",\"mx4f_cat_\":\"\",\"ajax_pagination_next_prev_swipe\":\"\",\"css\":\"\",\"tdc_css\":\"\",\"td_column_number\":2,\"color_preset\":\"\",\"border_top\":\"\",\"class\":\"tdi_24\",\"tdc_css_class\":\"tdi_24\",\"tdc_css_class_style\":\"tdi_24_rand_style\"}';\nblock_tdi_24.td_column_number = \"2\";\nblock_tdi_24.block_type = \"td_block_15\";\nblock_tdi_24.post_count = \"6\";\nblock_tdi_24.found_posts = \"380\";\nblock_tdi_24.header_color = \"\";\nblock_tdi_24.ajax_pagination_infinite_stop = \"\";\nblock_tdi_24.max_num_pages = \"64\";\ntdBlocksArray.push(block_tdi_24);\n<\/script><div class=\"td-block-title-wrap\"><h4 class=\"block-title td-block-title\"><span class=\"td-pulldown-size\">GAMEPLAY<\/span><\/h4><\/div><div id=tdi_24 class=\"td_block_inner td-column-2\">\n\n\t<div class=\"td-block-row\">\n\n\t<div class=\"td-block-span4\">\n\r\n        <div class=\"td_module_mx4 td_module_wrap td-animation-stack\">\r\n            <div class=\"td-module-image\">\r\n                <div class=\"td-module-thumb\"><a href=\"https:\/\/www.puertocdelu.com.ar\/index.php\/2020\/03\/30\/suman-protocolos-sanitarios-para-garantizar-la-operatoria-en-los-puertos-entrerrianos\/\"  rel=\"bookmark\" class=\"td-image-wrap \" title=\"Suman protocolos sanitarios para garantizar la operatoria en los puertos entrerrianos\" ><img loading=\"lazy\" decoding=\"async\" class=\"entry-thumb\" src=\"data:image\/png;base64,iVBORw0KGgoAAAANSUhEUgAAANoAAACWAQMAAACCSQSPAAAAA1BMVEWurq51dlI4AAAAAXRSTlMmkutdmwAAABpJREFUWMPtwQENAAAAwiD7p7bHBwwAAAAg7RD+AAGXD7BoAAAAAElFTkSuQmCC\" alt=\"\" title=\"Suman protocolos sanitarios para garantizar la operatoria en los puertos entrerrianos\" data-type=\"image_tag\" data-img-url=\"https:\/\/www.puertocdelu.com.ar\/wp-content\/uploads\/2020\/03\/x_1585594620-218x150.jpg\"  width=\"218\" height=\"150\" \/><\/a><\/div>                <a href=\"https:\/\/www.puertocdelu.com.ar\/index.php\/category\/noticias\/\" class=\"td-post-category\" >Noticias<\/a>            <\/div>\r\n\r\n            <h3 class=\"entry-title td-module-title\"><a href=\"https:\/\/www.puertocdelu.com.ar\/index.php\/2020\/03\/30\/suman-protocolos-sanitarios-para-garantizar-la-operatoria-en-los-puertos-entrerrianos\/\"  rel=\"bookmark\" title=\"Suman protocolos sanitarios para garantizar la operatoria en los puertos entrerrianos\">Suman protocolos sanitarios para garantizar la operatoria en los puertos entrerrianos<\/a><\/h3>\r\n        <\/div>\r\n\r\n        \n\t<\/div> <!-- .\/td-block-span4 -->\n\n\t<div class=\"td-block-span4\">\n\r\n        <div class=\"td_module_mx4 td_module_wrap td-animation-stack\">\r\n            <div class=\"td-module-image\">\r\n                <div class=\"td-module-thumb\"><a href=\"https:\/\/www.puertocdelu.com.ar\/index.php\/2025\/11\/06\/ingreso-otro-buque-al-puerto-para-exportar-eucalipto-a-la-india\/\"  rel=\"bookmark\" class=\"td-image-wrap \" title=\"Ingres\u00f3 otro buque al puerto para exportar eucalipto a la India\" ><img loading=\"lazy\" decoding=\"async\" class=\"entry-thumb\" src=\"data:image\/png;base64,iVBORw0KGgoAAAANSUhEUgAAANoAAACWAQMAAACCSQSPAAAAA1BMVEWurq51dlI4AAAAAXRSTlMmkutdmwAAABpJREFUWMPtwQENAAAAwiD7p7bHBwwAAAAg7RD+AAGXD7BoAAAAAElFTkSuQmCC\" alt=\"\" title=\"Ingres\u00f3 otro buque al puerto para exportar eucalipto a la India\" data-type=\"image_tag\" data-img-url=\"https:\/\/www.puertocdelu.com.ar\/wp-content\/uploads\/2025\/11\/maxresdefault-218x150.jpg\"  width=\"218\" height=\"150\" \/><span class=\"td-video-play-ico\"><i class=\"td-icon-video-thumb-play\"><\/i><\/span><\/a><\/div>                <a href=\"https:\/\/www.puertocdelu.com.ar\/index.php\/category\/noticias\/\" class=\"td-post-category\" >Noticias<\/a>            <\/div>\r\n\r\n            <h3 class=\"entry-title td-module-title\"><a href=\"https:\/\/www.puertocdelu.com.ar\/index.php\/2025\/11\/06\/ingreso-otro-buque-al-puerto-para-exportar-eucalipto-a-la-india\/\"  rel=\"bookmark\" title=\"Ingres\u00f3 otro buque al puerto para exportar eucalipto a la India\">Ingres\u00f3 otro buque al puerto para exportar eucalipto a la India<\/a><\/h3>\r\n        <\/div>\r\n\r\n        \n\t<\/div> <!-- .\/td-block-span4 -->\n\n\t<div class=\"td-block-span4\">\n\r\n        <div class=\"td_module_mx4 td_module_wrap td-animation-stack\">\r\n            <div class=\"td-module-image\">\r\n                <div class=\"td-module-thumb\"><a href=\"https:\/\/www.puertocdelu.com.ar\/index.php\/2025\/07\/29\/zarpo-un-buque-e-ingresa-otro-siguen-las-exportaciones-desde-concepcion-del-uruguay\/\"  rel=\"bookmark\" class=\"td-image-wrap \" title=\"Zarp\u00f3 un buque e ingresa otro. Siguen las exportaciones desde Concepci\u00f3n del Uruguay\" ><img loading=\"lazy\" decoding=\"async\" class=\"entry-thumb\" src=\"data:image\/png;base64,iVBORw0KGgoAAAANSUhEUgAAANoAAACWAQMAAACCSQSPAAAAA1BMVEWurq51dlI4AAAAAXRSTlMmkutdmwAAABpJREFUWMPtwQENAAAAwiD7p7bHBwwAAAAg7RD+AAGXD7BoAAAAAElFTkSuQmCC\" alt=\"\" title=\"Zarp\u00f3 un buque e ingresa otro. Siguen las exportaciones desde Concepci\u00f3n del Uruguay\" data-type=\"image_tag\" data-img-url=\"https:\/\/www.puertocdelu.com.ar\/wp-content\/uploads\/2025\/07\/ar02-218x150.jpg\"  width=\"218\" height=\"150\" \/><\/a><\/div>                <a href=\"https:\/\/www.puertocdelu.com.ar\/index.php\/category\/noticias\/\" class=\"td-post-category\" >Noticias<\/a>            <\/div>\r\n\r\n            <h3 class=\"entry-title td-module-title\"><a href=\"https:\/\/www.puertocdelu.com.ar\/index.php\/2025\/07\/29\/zarpo-un-buque-e-ingresa-otro-siguen-las-exportaciones-desde-concepcion-del-uruguay\/\"  rel=\"bookmark\" title=\"Zarp\u00f3 un buque e ingresa otro. Siguen las exportaciones desde Concepci\u00f3n del Uruguay\">Zarp\u00f3 un buque e ingresa otro. Siguen las exportaciones desde Concepci\u00f3n...<\/a><\/h3>\r\n        <\/div>\r\n\r\n        \n\t<\/div> <!-- .\/td-block-span4 --><\/div><!--.\/row-fluid-->\n\n\t<div class=\"td-block-row\">\n\n\t<div class=\"td-block-span4\">\n\r\n        <div class=\"td_module_mx4 td_module_wrap td-animation-stack\">\r\n            <div class=\"td-module-image\">\r\n                <div class=\"td-module-thumb\"><a href=\"https:\/\/www.puertocdelu.com.ar\/index.php\/2020\/08\/03\/ubicacion-estrategica\/\"  rel=\"bookmark\" class=\"td-image-wrap \" title=\"Ubicaci\u00f3n Estrat\u00e9gica\" ><img loading=\"lazy\" decoding=\"async\" class=\"entry-thumb\" src=\"data:image\/png;base64,iVBORw0KGgoAAAANSUhEUgAAANoAAACWAQMAAACCSQSPAAAAA1BMVEWurq51dlI4AAAAAXRSTlMmkutdmwAAABpJREFUWMPtwQENAAAAwiD7p7bHBwwAAAAg7RD+AAGXD7BoAAAAAElFTkSuQmCC\" alt=\"\" title=\"Ubicaci\u00f3n Estrat\u00e9gica\" data-type=\"image_tag\" data-img-url=\"https:\/\/www.puertocdelu.com.ar\/wp-content\/uploads\/2016\/09\/ubicacion-3-218x150.jpg\"  width=\"218\" height=\"150\" \/><\/a><\/div>                <a href=\"https:\/\/www.puertocdelu.com.ar\/index.php\/category\/slider\/\" class=\"td-post-category\" >slider<\/a>            <\/div>\r\n\r\n            <h3 class=\"entry-title td-module-title\"><a href=\"https:\/\/www.puertocdelu.com.ar\/index.php\/2020\/08\/03\/ubicacion-estrategica\/\"  rel=\"bookmark\" title=\"Ubicaci\u00f3n Estrat\u00e9gica\">Ubicaci\u00f3n Estrat\u00e9gica<\/a><\/h3>\r\n        <\/div>\r\n\r\n        \n\t<\/div> <!-- .\/td-block-span4 -->\n\n\t<div class=\"td-block-span4\">\n\r\n        <div class=\"td_module_mx4 td_module_wrap td-animation-stack\">\r\n            <div class=\"td-module-image\">\r\n                <div class=\"td-module-thumb\"><a href=\"https:\/\/www.puertocdelu.com.ar\/index.php\/2023\/01\/14\/puerto-concepcion-del-uruguay-recibio-tres-buques-en-15-dias\/\"  rel=\"bookmark\" class=\"td-image-wrap \" title=\"El Puerto Concepci\u00f3n del Uruguay recibi\u00f3 tres buques en 15 d\u00edas\" ><img loading=\"lazy\" decoding=\"async\" class=\"entry-thumb\" src=\"data:image\/png;base64,iVBORw0KGgoAAAANSUhEUgAAANoAAACWAQMAAACCSQSPAAAAA1BMVEWurq51dlI4AAAAAXRSTlMmkutdmwAAABpJREFUWMPtwQENAAAAwiD7p7bHBwwAAAAg7RD+AAGXD7BoAAAAAElFTkSuQmCC\" alt=\"\" title=\"El Puerto Concepci\u00f3n del Uruguay recibi\u00f3 tres buques en 15 d\u00edas\" data-type=\"image_tag\" data-img-url=\"https:\/\/www.puertocdelu.com.ar\/wp-content\/uploads\/2023\/01\/petrel02-218x150.jpeg\"  width=\"218\" height=\"150\" \/><\/a><\/div>                <a href=\"https:\/\/www.puertocdelu.com.ar\/index.php\/category\/noticias\/\" class=\"td-post-category\" >Noticias<\/a>            <\/div>\r\n\r\n            <h3 class=\"entry-title td-module-title\"><a href=\"https:\/\/www.puertocdelu.com.ar\/index.php\/2023\/01\/14\/puerto-concepcion-del-uruguay-recibio-tres-buques-en-15-dias\/\"  rel=\"bookmark\" title=\"El Puerto Concepci\u00f3n del Uruguay recibi\u00f3 tres buques en 15 d\u00edas\">El Puerto Concepci\u00f3n del Uruguay recibi\u00f3 tres buques en 15 d\u00edas<\/a><\/h3>\r\n        <\/div>\r\n\r\n        \n\t<\/div> <!-- .\/td-block-span4 -->\n\n\t<div class=\"td-block-span4\">\n\r\n        <div class=\"td_module_mx4 td_module_wrap td-animation-stack\">\r\n            <div class=\"td-module-image\">\r\n                <div class=\"td-module-thumb\"><a href=\"https:\/\/www.puertocdelu.com.ar\/index.php\/2016\/09\/11\/going-beyond-amazon-a-new-model-for-authors-retailers-and-publishers\/\"  rel=\"bookmark\" class=\"td-image-wrap \" title=\"Going Beyond Amazon: A New Model for Authors, Retailers, and Publishers\" ><img loading=\"lazy\" decoding=\"async\" class=\"entry-thumb\" src=\"data:image\/png;base64,iVBORw0KGgoAAAANSUhEUgAAANoAAACWAQMAAACCSQSPAAAAA1BMVEWurq51dlI4AAAAAXRSTlMmkutdmwAAABpJREFUWMPtwQENAAAAwiD7p7bHBwwAAAAg7RD+AAGXD7BoAAAAAElFTkSuQmCC\" alt=\"\" title=\"Going Beyond Amazon: A New Model for Authors, Retailers, and Publishers\" data-type=\"image_tag\" data-img-url=\"https:\/\/www.puertocdelu.com.ar\/wp-content\/uploads\/2016\/09\/10-218x150.jpg\"  width=\"218\" height=\"150\" \/><\/a><\/div>                <a href=\"https:\/\/www.puertocdelu.com.ar\/index.php\/category\/sin-categoria\/\" class=\"td-post-category\" >Sin categor\u00eda<\/a>            <\/div>\r\n\r\n            <h3 class=\"entry-title td-module-title\"><a href=\"https:\/\/www.puertocdelu.com.ar\/index.php\/2016\/09\/11\/going-beyond-amazon-a-new-model-for-authors-retailers-and-publishers\/\"  rel=\"bookmark\" title=\"Going Beyond Amazon: A New Model for Authors, Retailers, and Publishers\">Going Beyond Amazon: A New Model for Authors, Retailers, and Publishers<\/a><\/h3>\r\n        <\/div>\r\n\r\n        \n\t<\/div> <!-- .\/td-block-span4 --><\/div><!--.\/row-fluid--><\/div><div class=\"td-load-more-wrap\"><a href=\"#\" class=\"td_ajax_load_more td_ajax_load_more_js\" aria-label=\"Cargar m\u00e1s\" id=\"next-page-tdi_24\" data-td_block_id=\"tdi_24\">Cargar m\u00e1s<i class=\"td-load-more-icon td-icon-font td-icon-menu-right\"><\/i><\/a><\/div><\/div> <!-- .\/block --><div class=\"clearfix\"><\/div><\/div><\/div><div class=\"vc_column tdi_26  wpb_column vc_column_container tdc-column td-pb-span4\">\n<style scoped>\n\/* custom css - generated by TagDiv Composer *\/\n\n\/* custom css - generated by TagDiv Composer *\/\n.tdi_26{\r\n                    vertical-align: baseline;\r\n                }.tdi_26 > .wpb_wrapper,\r\n\t\t\t\t.tdi_26 > .wpb_wrapper > .tdc-elements{\r\n\t\t\t\t    display: block;\r\n\t\t\t\t}.tdi_26 > .wpb_wrapper > .tdc-elements{\r\n\t\t\t\t    width: 100%;\r\n\t\t\t\t}.tdi_26 > .wpb_wrapper > .vc_row_inner{\r\n\t\t\t\t    width: auto;\r\n\t\t\t\t}.tdi_26 > .wpb_wrapper{\r\n\t\t\t\t    width: auto;\r\n\t\t\t\t    height: auto;\r\n\t\t\t\t}\n<\/style><div class=\"wpb_wrapper\" ><div class=\"td_block_wrap td_block_15 tdi_28 td_with_ajax_pagination td-pb-border-top td_block_template_1 td-column-1 td_block_padding\"  data-td-block-uid=\"tdi_28\" ><script>var block_tdi_28 = new tdBlock();\nblock_tdi_28.id = \"tdi_28\";\nblock_tdi_28.atts = '{\"custom_title\":\"TRENDING NOW\",\"limit\":\"6\",\"td_filter_default_txt\":\"All\",\"ajax_pagination\":\"next_prev\",\"block_type\":\"td_block_15\",\"separator\":\"\",\"custom_url\":\"\",\"block_template_id\":\"\",\"mx4_tl\":\"\",\"post_ids\":\"\",\"category_id\":\"\",\"taxonomies\":\"\",\"category_ids\":\"\",\"in_all_terms\":\"\",\"tag_slug\":\"\",\"autors_id\":\"\",\"installed_post_types\":\"\",\"include_cf_posts\":\"\",\"exclude_cf_posts\":\"\",\"sort\":\"\",\"popular_by_date\":\"\",\"linked_posts\":\"\",\"favourite_only\":\"\",\"offset\":\"\",\"open_in_new_window\":\"\",\"show_modified_date\":\"\",\"time_ago\":\"\",\"time_ago_add_txt\":\"ago\",\"time_ago_txt_pos\":\"\",\"review_source\":\"\",\"el_class\":\"\",\"td_ajax_filter_type\":\"\",\"td_ajax_filter_ids\":\"\",\"td_ajax_preloading\":\"\",\"f_header_font_header\":\"\",\"f_header_font_title\":\"Block header\",\"f_header_font_settings\":\"\",\"f_header_font_family\":\"\",\"f_header_font_size\":\"\",\"f_header_font_line_height\":\"\",\"f_header_font_style\":\"\",\"f_header_font_weight\":\"\",\"f_header_font_transform\":\"\",\"f_header_font_spacing\":\"\",\"f_header_\":\"\",\"f_ajax_font_title\":\"Ajax categories\",\"f_ajax_font_settings\":\"\",\"f_ajax_font_family\":\"\",\"f_ajax_font_size\":\"\",\"f_ajax_font_line_height\":\"\",\"f_ajax_font_style\":\"\",\"f_ajax_font_weight\":\"\",\"f_ajax_font_transform\":\"\",\"f_ajax_font_spacing\":\"\",\"f_ajax_\":\"\",\"f_more_font_title\":\"Load more button\",\"f_more_font_settings\":\"\",\"f_more_font_family\":\"\",\"f_more_font_size\":\"\",\"f_more_font_line_height\":\"\",\"f_more_font_style\":\"\",\"f_more_font_weight\":\"\",\"f_more_font_transform\":\"\",\"f_more_font_spacing\":\"\",\"f_more_\":\"\",\"mx4f_title_font_header\":\"\",\"mx4f_title_font_title\":\"Article title\",\"mx4f_title_font_settings\":\"\",\"mx4f_title_font_family\":\"\",\"mx4f_title_font_size\":\"\",\"mx4f_title_font_line_height\":\"\",\"mx4f_title_font_style\":\"\",\"mx4f_title_font_weight\":\"\",\"mx4f_title_font_transform\":\"\",\"mx4f_title_font_spacing\":\"\",\"mx4f_title_\":\"\",\"mx4f_cat_font_title\":\"Article category tag\",\"mx4f_cat_font_settings\":\"\",\"mx4f_cat_font_family\":\"\",\"mx4f_cat_font_size\":\"\",\"mx4f_cat_font_line_height\":\"\",\"mx4f_cat_font_style\":\"\",\"mx4f_cat_font_weight\":\"\",\"mx4f_cat_font_transform\":\"\",\"mx4f_cat_font_spacing\":\"\",\"mx4f_cat_\":\"\",\"ajax_pagination_next_prev_swipe\":\"\",\"ajax_pagination_infinite_stop\":\"\",\"css\":\"\",\"tdc_css\":\"\",\"td_column_number\":1,\"header_color\":\"\",\"color_preset\":\"\",\"border_top\":\"\",\"class\":\"tdi_28\",\"tdc_css_class\":\"tdi_28\",\"tdc_css_class_style\":\"tdi_28_rand_style\"}';\nblock_tdi_28.td_column_number = \"1\";\nblock_tdi_28.block_type = \"td_block_15\";\nblock_tdi_28.post_count = \"6\";\nblock_tdi_28.found_posts = \"380\";\nblock_tdi_28.header_color = \"\";\nblock_tdi_28.ajax_pagination_infinite_stop = \"\";\nblock_tdi_28.max_num_pages = \"64\";\ntdBlocksArray.push(block_tdi_28);\n<\/script><div class=\"td-block-title-wrap\"><h4 class=\"block-title td-block-title\"><span class=\"td-pulldown-size\">TRENDING NOW<\/span><\/h4><\/div><div id=tdi_28 class=\"td_block_inner td-column-1\"><div class=\"td-cust-row\">\n\n\t<div class=\"td-block-span12\">\n\r\n        <div class=\"td_module_mx4 td_module_wrap td-animation-stack\">\r\n            <div class=\"td-module-image\">\r\n                <div class=\"td-module-thumb\"><a href=\"https:\/\/www.puertocdelu.com.ar\/index.php\/2026\/04\/20\/dragado-del-rio-uruguay-una-decision-estrategica-que-consolida-nuestra-integracion\/\"  rel=\"bookmark\" class=\"td-image-wrap \" title=\"Dragado del r\u00edo Uruguay: una decisi\u00f3n estrat\u00e9gica que consolida nuestra integraci\u00f3n\" ><img loading=\"lazy\" decoding=\"async\" class=\"entry-thumb\" src=\"data:image\/png;base64,iVBORw0KGgoAAAANSUhEUgAAANoAAACWAQMAAACCSQSPAAAAA1BMVEWurq51dlI4AAAAAXRSTlMmkutdmwAAABpJREFUWMPtwQENAAAAwiD7p7bHBwwAAAAg7RD+AAGXD7BoAAAAAElFTkSuQmCC\" alt=\"\" title=\"Dragado del r\u00edo Uruguay: una decisi\u00f3n estrat\u00e9gica que consolida nuestra integraci\u00f3n\" data-type=\"image_tag\" data-img-url=\"https:\/\/www.puertocdelu.com.ar\/wp-content\/uploads\/2026\/04\/african-raven02-218x150.jpg\"  width=\"218\" height=\"150\" \/><\/a><\/div>                <a href=\"https:\/\/www.puertocdelu.com.ar\/index.php\/category\/noticias\/\" class=\"td-post-category\" >Noticias<\/a>            <\/div>\r\n\r\n            <h3 class=\"entry-title td-module-title\"><a href=\"https:\/\/www.puertocdelu.com.ar\/index.php\/2026\/04\/20\/dragado-del-rio-uruguay-una-decision-estrategica-que-consolida-nuestra-integracion\/\"  rel=\"bookmark\" title=\"Dragado del r\u00edo Uruguay: una decisi\u00f3n estrat\u00e9gica que consolida nuestra integraci\u00f3n\">Dragado del r\u00edo Uruguay: una decisi\u00f3n estrat\u00e9gica que consolida nuestra integraci\u00f3n<\/a><\/h3>\r\n        <\/div>\r\n\r\n        \n\t<\/div> <!-- .\/td-block-span12 -->\n\n\t<div class=\"td-block-span12\">\n\r\n        <div class=\"td_module_mx4 td_module_wrap td-animation-stack\">\r\n            <div class=\"td-module-image\">\r\n                <div class=\"td-module-thumb\"><a href=\"https:\/\/www.puertocdelu.com.ar\/index.php\/2026\/04\/12\/el-puerto-suma-embarques-de-graneles-y-madera-mientras-se-acopia-maiz-y-arroz\/\"  rel=\"bookmark\" class=\"td-image-wrap \" title=\"El puerto suma embarques de graneles y madera, mientras se acopia ma\u00edz y arroz\" ><img loading=\"lazy\" decoding=\"async\" class=\"entry-thumb\" src=\"data:image\/png;base64,iVBORw0KGgoAAAANSUhEUgAAANoAAACWAQMAAACCSQSPAAAAA1BMVEWurq51dlI4AAAAAXRSTlMmkutdmwAAABpJREFUWMPtwQENAAAAwiD7p7bHBwwAAAAg7RD+AAGXD7BoAAAAAElFTkSuQmCC\" alt=\"\" title=\"El puerto suma embarques de graneles y madera, mientras se acopia ma\u00edz y arroz\" data-type=\"image_tag\" data-img-url=\"https:\/\/www.puertocdelu.com.ar\/wp-content\/uploads\/2026\/04\/BALANCEADO-04-218x150.jpg\"  width=\"218\" height=\"150\" \/><\/a><\/div>                <a href=\"https:\/\/www.puertocdelu.com.ar\/index.php\/category\/noticias\/\" class=\"td-post-category\" >Noticias<\/a>            <\/div>\r\n\r\n            <h3 class=\"entry-title td-module-title\"><a href=\"https:\/\/www.puertocdelu.com.ar\/index.php\/2026\/04\/12\/el-puerto-suma-embarques-de-graneles-y-madera-mientras-se-acopia-maiz-y-arroz\/\"  rel=\"bookmark\" title=\"El puerto suma embarques de graneles y madera, mientras se acopia ma\u00edz y arroz\">El puerto suma embarques de graneles y madera, mientras se acopia...<\/a><\/h3>\r\n        <\/div>\r\n\r\n        \n\t<\/div> <!-- .\/td-block-span12 --><\/div><div class=\"td-cust-row\">\n\n\t<div class=\"td-block-span12\">\n\r\n        <div class=\"td_module_mx4 td_module_wrap td-animation-stack\">\r\n            <div class=\"td-module-image\">\r\n                <div class=\"td-module-thumb\"><a href=\"https:\/\/www.puertocdelu.com.ar\/index.php\/2026\/03\/30\/cerro-el-plazo-de-presentacion-de-propuestas-para-la-puesta-en-valor-de-la-vieja-aduana-y-el-muelle-de-alto-nivel\/\"  rel=\"bookmark\" class=\"td-image-wrap \" title=\"Cerr\u00f3 el plazo de presentaci\u00f3n de propuestas para la puesta en valor de la Vieja Aduana y el Muelle de Alto Nivel\" ><img loading=\"lazy\" decoding=\"async\" class=\"entry-thumb\" src=\"data:image\/png;base64,iVBORw0KGgoAAAANSUhEUgAAANoAAACWAQMAAACCSQSPAAAAA1BMVEWurq51dlI4AAAAAXRSTlMmkutdmwAAABpJREFUWMPtwQENAAAAwiD7p7bHBwwAAAAg7RD+AAGXD7BoAAAAAElFTkSuQmCC\" alt=\"\" title=\"Cerr\u00f3 el plazo de presentaci\u00f3n de propuestas para la puesta en valor de la Vieja Aduana y el Muelle de Alto Nivel\" data-type=\"image_tag\" data-img-url=\"https:\/\/www.puertocdelu.com.ar\/wp-content\/uploads\/2026\/02\/Vieja-Aduana-218x150.jpg\"  width=\"218\" height=\"150\" \/><\/a><\/div>                <a href=\"https:\/\/www.puertocdelu.com.ar\/index.php\/category\/noticias\/\" class=\"td-post-category\" >Noticias<\/a>            <\/div>\r\n\r\n            <h3 class=\"entry-title td-module-title\"><a href=\"https:\/\/www.puertocdelu.com.ar\/index.php\/2026\/03\/30\/cerro-el-plazo-de-presentacion-de-propuestas-para-la-puesta-en-valor-de-la-vieja-aduana-y-el-muelle-de-alto-nivel\/\"  rel=\"bookmark\" title=\"Cerr\u00f3 el plazo de presentaci\u00f3n de propuestas para la puesta en valor de la Vieja Aduana y el Muelle de Alto Nivel\">Cerr\u00f3 el plazo de presentaci\u00f3n de propuestas para la puesta en...<\/a><\/h3>\r\n        <\/div>\r\n\r\n        \n\t<\/div> <!-- .\/td-block-span12 -->\n\n\t<div class=\"td-block-span12\">\n\r\n        <div class=\"td_module_mx4 td_module_wrap td-animation-stack\">\r\n            <div class=\"td-module-image\">\r\n                <div class=\"td-module-thumb\"><a href=\"https:\/\/www.puertocdelu.com.ar\/index.php\/2026\/02\/21\/el-puerto-abre-convocatoria-a-presentacion-de-proyectos-de-inversion-para-poner-en-valor-el-paseo-de-la-vieja-aduana-y-el-muelle-de-alto-nivel\/\"  rel=\"bookmark\" class=\"td-image-wrap \" title=\"El Puerto abre convocatoria a presentaci\u00f3n de Proyectos de Inversi\u00f3n para poner en valor el paseo de la Vieja Aduana y el Muelle de Alto Nivel\" ><img loading=\"lazy\" decoding=\"async\" class=\"entry-thumb\" src=\"data:image\/png;base64,iVBORw0KGgoAAAANSUhEUgAAANoAAACWAQMAAACCSQSPAAAAA1BMVEWurq51dlI4AAAAAXRSTlMmkutdmwAAABpJREFUWMPtwQENAAAAwiD7p7bHBwwAAAAg7RD+AAGXD7BoAAAAAElFTkSuQmCC\" alt=\"\" title=\"El Puerto abre convocatoria a presentaci\u00f3n de Proyectos de Inversi\u00f3n para poner en valor el paseo de la Vieja Aduana y el Muelle de Alto Nivel\" data-type=\"image_tag\" data-img-url=\"https:\/\/www.puertocdelu.com.ar\/wp-content\/uploads\/2026\/02\/puesta-en-valor-218x150.jpg\"  width=\"218\" height=\"150\" \/><\/a><\/div>                <a href=\"https:\/\/www.puertocdelu.com.ar\/index.php\/category\/noticias\/\" class=\"td-post-category\" >Noticias<\/a>            <\/div>\r\n\r\n            <h3 class=\"entry-title td-module-title\"><a href=\"https:\/\/www.puertocdelu.com.ar\/index.php\/2026\/02\/21\/el-puerto-abre-convocatoria-a-presentacion-de-proyectos-de-inversion-para-poner-en-valor-el-paseo-de-la-vieja-aduana-y-el-muelle-de-alto-nivel\/\"  rel=\"bookmark\" title=\"El Puerto abre convocatoria a presentaci\u00f3n de Proyectos de Inversi\u00f3n para poner en valor el paseo de la Vieja Aduana y el Muelle de Alto Nivel\">El Puerto abre convocatoria a presentaci\u00f3n de Proyectos de Inversi\u00f3n para...<\/a><\/h3>\r\n        <\/div>\r\n\r\n        \n\t<\/div> <!-- .\/td-block-span12 --><\/div><div class=\"td-cust-row\">\n\n\t<div class=\"td-block-span12\">\n\r\n        <div class=\"td_module_mx4 td_module_wrap td-animation-stack\">\r\n            <div class=\"td-module-image\">\r\n                <div class=\"td-module-thumb\"><a href=\"https:\/\/www.puertocdelu.com.ar\/index.php\/2026\/02\/20\/el-muelle-de-alto-nivel-una-idea-superadora-de-su-tiempo-y-un-paseo-con-vista-al-rio\/\"  rel=\"bookmark\" class=\"td-image-wrap \" title=\"El muelle de Alto Nivel, una idea superadora de su tiempo, y hoy un paseo \u00fanico con vista al r\u00edo\" ><img loading=\"lazy\" decoding=\"async\" class=\"entry-thumb\" src=\"data:image\/png;base64,iVBORw0KGgoAAAANSUhEUgAAANoAAACWAQMAAACCSQSPAAAAA1BMVEWurq51dlI4AAAAAXRSTlMmkutdmwAAABpJREFUWMPtwQENAAAAwiD7p7bHBwwAAAAg7RD+AAGXD7BoAAAAAElFTkSuQmCC\" alt=\"\" title=\"El muelle de Alto Nivel, una idea superadora de su tiempo, y hoy un paseo \u00fanico con vista al r\u00edo\" data-type=\"image_tag\" data-img-url=\"https:\/\/www.puertocdelu.com.ar\/wp-content\/uploads\/2026\/02\/Puerto-Muelle-Albun-1920-1-218x150.jpg\"  width=\"218\" height=\"150\" \/><\/a><\/div>                <a href=\"https:\/\/www.puertocdelu.com.ar\/index.php\/category\/lugar-con-historia\/\" class=\"td-post-category\" >LUGAR CON HISTORIA<\/a>            <\/div>\r\n\r\n            <h3 class=\"entry-title td-module-title\"><a href=\"https:\/\/www.puertocdelu.com.ar\/index.php\/2026\/02\/20\/el-muelle-de-alto-nivel-una-idea-superadora-de-su-tiempo-y-un-paseo-con-vista-al-rio\/\"  rel=\"bookmark\" title=\"El muelle de Alto Nivel, una idea superadora de su tiempo, y hoy un paseo \u00fanico con vista al r\u00edo\">El muelle de Alto Nivel, una idea superadora de su tiempo,...<\/a><\/h3>\r\n        <\/div>\r\n\r\n        \n\t<\/div> <!-- .\/td-block-span12 -->\n\n\t<div class=\"td-block-span12\">\n\r\n        <div class=\"td_module_mx4 td_module_wrap td-animation-stack\">\r\n            <div class=\"td-module-image\">\r\n                <div class=\"td-module-thumb\"><a href=\"https:\/\/www.puertocdelu.com.ar\/index.php\/2026\/02\/20\/requisitos-y-especificaciones-tecnicas\/\"  rel=\"bookmark\" class=\"td-image-wrap \" title=\"REQUISITOS Y ESPECIFICACIONES T\u00c9CNICAS\" ><img loading=\"lazy\" decoding=\"async\" class=\"entry-thumb\" src=\"data:image\/png;base64,iVBORw0KGgoAAAANSUhEUgAAANoAAACWAQMAAACCSQSPAAAAA1BMVEWurq51dlI4AAAAAXRSTlMmkutdmwAAABpJREFUWMPtwQENAAAAwiD7p7bHBwwAAAAg7RD+AAGXD7BoAAAAAElFTkSuQmCC\"alt=\"\" data-type=\"image_tag\" data-img-url=\"https:\/\/www.puertocdelu.com.ar\/wp-content\/plugins\/td-composer\/legacy\/Newspaper\/assets\/images\/no-thumb\/td_218x150.png\"  width=\"218\" height=\"150\" \/><\/a><\/div>                <a href=\"https:\/\/www.puertocdelu.com.ar\/index.php\/category\/sin-categoria\/\" class=\"td-post-category\" >Sin categor\u00eda<\/a>            <\/div>\r\n\r\n            <h3 class=\"entry-title td-module-title\"><a href=\"https:\/\/www.puertocdelu.com.ar\/index.php\/2026\/02\/20\/requisitos-y-especificaciones-tecnicas\/\"  rel=\"bookmark\" title=\"REQUISITOS Y ESPECIFICACIONES T\u00c9CNICAS\">REQUISITOS Y ESPECIFICACIONES T\u00c9CNICAS<\/a><\/h3>\r\n        <\/div>\r\n\r\n        \n\t<\/div> <!-- .\/td-block-span12 --><\/div><\/div><div class=\"td-next-prev-wrap\"><a href=\"#\" class=\"td-ajax-prev-page ajax-page-disabled\" aria-label=\"prev-page\" id=\"prev-page-tdi_28\" data-td_block_id=\"tdi_28\"><i class=\"td-next-prev-icon td-icon-font td-icon-menu-left\"><\/i><\/a><a href=\"#\"  class=\"td-ajax-next-page\" aria-label=\"next-page\" id=\"next-page-tdi_28\" data-td_block_id=\"tdi_28\"><i class=\"td-next-prev-icon td-icon-font td-icon-menu-right\"><\/i><\/a><\/div><\/div> <!-- .\/block --><div class=\"clearfix\"><\/div><div class=\"td_block_wrap td_block_18 tdi_29 td-pb-border-top td_block_template_1 td-column-1\"  data-td-block-uid=\"tdi_29\" ><script>var block_tdi_29 = new tdBlock();\nblock_tdi_29.id = \"tdi_29\";\nblock_tdi_29.atts = '{\"limit\":\"5\",\"custom_title\":\"TOP REVIEWS\",\"td_filter_default_txt\":\"All\",\"category_id\":\"\",\"block_type\":\"td_block_18\",\"separator\":\"\",\"custom_url\":\"\",\"block_template_id\":\"\",\"mx8_tl\":\"\",\"m10_tl\":\"\",\"m10_el\":\"\",\"mx2_tl\":\"\",\"post_ids\":\"\",\"taxonomies\":\"\",\"category_ids\":\"\",\"in_all_terms\":\"\",\"tag_slug\":\"\",\"autors_id\":\"\",\"installed_post_types\":\"\",\"include_cf_posts\":\"\",\"exclude_cf_posts\":\"\",\"sort\":\"\",\"popular_by_date\":\"\",\"linked_posts\":\"\",\"favourite_only\":\"\",\"offset\":\"\",\"open_in_new_window\":\"\",\"show_modified_date\":\"\",\"time_ago\":\"\",\"time_ago_add_txt\":\"ago\",\"time_ago_txt_pos\":\"\",\"review_source\":\"\",\"el_class\":\"\",\"td_ajax_filter_type\":\"\",\"td_ajax_filter_ids\":\"\",\"td_ajax_preloading\":\"\",\"f_header_font_header\":\"\",\"f_header_font_title\":\"Block header\",\"f_header_font_settings\":\"\",\"f_header_font_family\":\"\",\"f_header_font_size\":\"\",\"f_header_font_line_height\":\"\",\"f_header_font_style\":\"\",\"f_header_font_weight\":\"\",\"f_header_font_transform\":\"\",\"f_header_font_spacing\":\"\",\"f_header_\":\"\",\"f_ajax_font_title\":\"Ajax categories\",\"f_ajax_font_settings\":\"\",\"f_ajax_font_family\":\"\",\"f_ajax_font_size\":\"\",\"f_ajax_font_line_height\":\"\",\"f_ajax_font_style\":\"\",\"f_ajax_font_weight\":\"\",\"f_ajax_font_transform\":\"\",\"f_ajax_font_spacing\":\"\",\"f_ajax_\":\"\",\"f_more_font_title\":\"Load more button\",\"f_more_font_settings\":\"\",\"f_more_font_family\":\"\",\"f_more_font_size\":\"\",\"f_more_font_line_height\":\"\",\"f_more_font_style\":\"\",\"f_more_font_weight\":\"\",\"f_more_font_transform\":\"\",\"f_more_font_spacing\":\"\",\"f_more_\":\"\",\"mx8f_title_font_header\":\"\",\"mx8f_title_font_title\":\"Article title\",\"mx8f_title_font_settings\":\"\",\"mx8f_title_font_family\":\"\",\"mx8f_title_font_size\":\"\",\"mx8f_title_font_line_height\":\"\",\"mx8f_title_font_style\":\"\",\"mx8f_title_font_weight\":\"\",\"mx8f_title_font_transform\":\"\",\"mx8f_title_font_spacing\":\"\",\"mx8f_title_\":\"\",\"mx8f_cat_font_title\":\"Article category tag\",\"mx8f_cat_font_settings\":\"\",\"mx8f_cat_font_family\":\"\",\"mx8f_cat_font_size\":\"\",\"mx8f_cat_font_line_height\":\"\",\"mx8f_cat_font_style\":\"\",\"mx8f_cat_font_weight\":\"\",\"mx8f_cat_font_transform\":\"\",\"mx8f_cat_font_spacing\":\"\",\"mx8f_cat_\":\"\",\"mx8f_meta_font_title\":\"Article meta info\",\"mx8f_meta_font_settings\":\"\",\"mx8f_meta_font_family\":\"\",\"mx8f_meta_font_size\":\"\",\"mx8f_meta_font_line_height\":\"\",\"mx8f_meta_font_style\":\"\",\"mx8f_meta_font_weight\":\"\",\"mx8f_meta_font_transform\":\"\",\"mx8f_meta_font_spacing\":\"\",\"mx8f_meta_\":\"\",\"m10f_title_font_header\":\"\",\"m10f_title_font_title\":\"Article title\",\"m10f_title_font_settings\":\"\",\"m10f_title_font_family\":\"\",\"m10f_title_font_size\":\"\",\"m10f_title_font_line_height\":\"\",\"m10f_title_font_style\":\"\",\"m10f_title_font_weight\":\"\",\"m10f_title_font_transform\":\"\",\"m10f_title_font_spacing\":\"\",\"m10f_title_\":\"\",\"m10f_cat_font_title\":\"Article category tag\",\"m10f_cat_font_settings\":\"\",\"m10f_cat_font_family\":\"\",\"m10f_cat_font_size\":\"\",\"m10f_cat_font_line_height\":\"\",\"m10f_cat_font_style\":\"\",\"m10f_cat_font_weight\":\"\",\"m10f_cat_font_transform\":\"\",\"m10f_cat_font_spacing\":\"\",\"m10f_cat_\":\"\",\"m10f_meta_font_title\":\"Article meta info\",\"m10f_meta_font_settings\":\"\",\"m10f_meta_font_family\":\"\",\"m10f_meta_font_size\":\"\",\"m10f_meta_font_line_height\":\"\",\"m10f_meta_font_style\":\"\",\"m10f_meta_font_weight\":\"\",\"m10f_meta_font_transform\":\"\",\"m10f_meta_font_spacing\":\"\",\"m10f_meta_\":\"\",\"m10f_ex_font_title\":\"Article excerpt\",\"m10f_ex_font_settings\":\"\",\"m10f_ex_font_family\":\"\",\"m10f_ex_font_size\":\"\",\"m10f_ex_font_line_height\":\"\",\"m10f_ex_font_style\":\"\",\"m10f_ex_font_weight\":\"\",\"m10f_ex_font_transform\":\"\",\"m10f_ex_font_spacing\":\"\",\"m10f_ex_\":\"\",\"mx2f_title_font_header\":\"\",\"mx2f_title_font_title\":\"Article title\",\"mx2f_title_font_settings\":\"\",\"mx2f_title_font_family\":\"\",\"mx2f_title_font_size\":\"\",\"mx2f_title_font_line_height\":\"\",\"mx2f_title_font_style\":\"\",\"mx2f_title_font_weight\":\"\",\"mx2f_title_font_transform\":\"\",\"mx2f_title_font_spacing\":\"\",\"mx2f_title_\":\"\",\"mx2f_cat_font_title\":\"Article category tag\",\"mx2f_cat_font_settings\":\"\",\"mx2f_cat_font_family\":\"\",\"mx2f_cat_font_size\":\"\",\"mx2f_cat_font_line_height\":\"\",\"mx2f_cat_font_style\":\"\",\"mx2f_cat_font_weight\":\"\",\"mx2f_cat_font_transform\":\"\",\"mx2f_cat_font_spacing\":\"\",\"mx2f_cat_\":\"\",\"mx2f_meta_font_title\":\"Article meta info\",\"mx2f_meta_font_settings\":\"\",\"mx2f_meta_font_family\":\"\",\"mx2f_meta_font_size\":\"\",\"mx2f_meta_font_line_height\":\"\",\"mx2f_meta_font_style\":\"\",\"mx2f_meta_font_weight\":\"\",\"mx2f_meta_font_transform\":\"\",\"mx2f_meta_font_spacing\":\"\",\"mx2f_meta_\":\"\",\"ajax_pagination\":\"\",\"ajax_pagination_next_prev_swipe\":\"\",\"ajax_pagination_infinite_stop\":\"\",\"css\":\"\",\"tdc_css\":\"\",\"td_column_number\":1,\"header_color\":\"\",\"color_preset\":\"\",\"border_top\":\"\",\"class\":\"tdi_29\",\"tdc_css_class\":\"tdi_29\",\"tdc_css_class_style\":\"tdi_29_rand_style\"}';\nblock_tdi_29.td_column_number = \"1\";\nblock_tdi_29.block_type = \"td_block_18\";\nblock_tdi_29.post_count = \"5\";\nblock_tdi_29.found_posts = \"380\";\nblock_tdi_29.header_color = \"\";\nblock_tdi_29.ajax_pagination_infinite_stop = \"\";\nblock_tdi_29.max_num_pages = \"76\";\ntdBlocksArray.push(block_tdi_29);\n<\/script><div class=\"td-block-title-wrap\"><h4 class=\"block-title td-block-title\"><span class=\"td-pulldown-size\">TOP REVIEWS<\/span><\/h4><\/div><div id=tdi_29 class=\"td_block_inner td-column-1\">\r\n        <div class=\"td_module_mx8 td_module_wrap td-animation-stack\">\r\n            <div class=\"meta-info-container\">\r\n                <div class=\"td-module-thumb\"><a href=\"https:\/\/www.puertocdelu.com.ar\/index.php\/2026\/04\/20\/dragado-del-rio-uruguay-una-decision-estrategica-que-consolida-nuestra-integracion\/\"  rel=\"bookmark\" class=\"td-image-wrap \" title=\"Dragado del r\u00edo Uruguay: una decisi\u00f3n estrat\u00e9gica que consolida nuestra integraci\u00f3n\" ><img loading=\"lazy\" decoding=\"async\" class=\"entry-thumb\" src=\"data:image\/png;base64,iVBORw0KGgoAAAANSUhEUgAAArgAAAGBAQMAAAC3k1CUAAAAA1BMVEWurq51dlI4AAAAAXRSTlMmkutdmwAAADdJREFUeNrtwTEBAAAAwiD7p7bETmAAAAAAAAAAAAAAAAAAAAAAAAAAAAAAAAAAAAAAAAAAAEDuhFgAARFpDB8AAAAASUVORK5CYII=\" alt=\"\" title=\"Dragado del r\u00edo Uruguay: una decisi\u00f3n estrat\u00e9gica que consolida nuestra integraci\u00f3n\" data-type=\"image_tag\" data-img-url=\"https:\/\/www.puertocdelu.com.ar\/wp-content\/uploads\/2026\/04\/african-raven02-696x385.jpg\"  width=\"696\" height=\"385\" \/><\/a><\/div>\r\n                <div class=\"td-module-meta-info\">\r\n                    <h3 class=\"entry-title td-module-title\"><a href=\"https:\/\/www.puertocdelu.com.ar\/index.php\/2026\/04\/20\/dragado-del-rio-uruguay-una-decision-estrategica-que-consolida-nuestra-integracion\/\"  rel=\"bookmark\" title=\"Dragado del r\u00edo Uruguay: una decisi\u00f3n estrat\u00e9gica que consolida nuestra integraci\u00f3n\">Dragado del r\u00edo Uruguay: una decisi\u00f3n estrat\u00e9gica que consolida nuestra integraci\u00f3n<\/a><\/h3>                                        <span class=\"td-author-date\">\r\n                                                <span class=\"td-post-date\"><time class=\"entry-date updated td-module-date\" datetime=\"2026-04-20T22:05:39+00:00\" >20 abril, 2026<\/time><\/span>                                            <\/span>\r\n                <\/div>\r\n            <\/div>\r\n\r\n        <\/div>\r\n\r\n        \r\n        <div class=\"td_module_mx2 td_module_wrap td-animation-stack\">\r\n\r\n            <div class=\"td-module-thumb\"><a href=\"https:\/\/www.puertocdelu.com.ar\/index.php\/2026\/04\/12\/el-puerto-suma-embarques-de-graneles-y-madera-mientras-se-acopia-maiz-y-arroz\/\"  rel=\"bookmark\" class=\"td-image-wrap \" title=\"El puerto suma embarques de graneles y madera, mientras se acopia ma\u00edz y arroz\" ><img loading=\"lazy\" decoding=\"async\" class=\"entry-thumb\" src=\"data:image\/png;base64,iVBORw0KGgoAAAANSUhEUgAAAFAAAAA8AQMAAADL6a\/PAAAAA1BMVEWurq51dlI4AAAAAXRSTlMmkutdmwAAAA5JREFUKM9jGAWjYJABAAKUAAHoEAeuAAAAAElFTkSuQmCC\" alt=\"\" title=\"El puerto suma embarques de graneles y madera, mientras se acopia ma\u00edz y arroz\" data-type=\"image_tag\" data-img-url=\"https:\/\/www.puertocdelu.com.ar\/wp-content\/uploads\/2026\/04\/BALANCEADO-04-80x60.jpg\"  width=\"80\" height=\"60\" \/><\/a><\/div>\r\n            <div class=\"item-details\">\r\n                <h3 class=\"entry-title td-module-title\"><a href=\"https:\/\/www.puertocdelu.com.ar\/index.php\/2026\/04\/12\/el-puerto-suma-embarques-de-graneles-y-madera-mientras-se-acopia-maiz-y-arroz\/\"  rel=\"bookmark\" title=\"El puerto suma embarques de graneles y madera, mientras se acopia ma\u00edz y arroz\">El puerto suma embarques de graneles y madera, mientras se acopia ma\u00edz y arroz<\/a><\/h3>                <div class=\"td-module-meta-info\">\r\n                                                            <span class=\"td-post-date\"><time class=\"entry-date updated td-module-date\" datetime=\"2026-04-12T20:42:57+00:00\" >12 abril, 2026<\/time><\/span>                                    <\/div>\r\n            <\/div>\r\n\r\n        <\/div>\r\n\r\n        \r\n        <div class=\"td_module_mx2 td_module_wrap td-animation-stack\">\r\n\r\n            <div class=\"td-module-thumb\"><a href=\"https:\/\/www.puertocdelu.com.ar\/index.php\/2026\/03\/30\/cerro-el-plazo-de-presentacion-de-propuestas-para-la-puesta-en-valor-de-la-vieja-aduana-y-el-muelle-de-alto-nivel\/\"  rel=\"bookmark\" class=\"td-image-wrap \" title=\"Cerr\u00f3 el plazo de presentaci\u00f3n de propuestas para la puesta en valor de la Vieja Aduana y el Muelle de Alto Nivel\" ><img loading=\"lazy\" decoding=\"async\" class=\"entry-thumb\" src=\"data:image\/png;base64,iVBORw0KGgoAAAANSUhEUgAAAFAAAAA8AQMAAADL6a\/PAAAAA1BMVEWurq51dlI4AAAAAXRSTlMmkutdmwAAAA5JREFUKM9jGAWjYJABAAKUAAHoEAeuAAAAAElFTkSuQmCC\" alt=\"\" title=\"Cerr\u00f3 el plazo de presentaci\u00f3n de propuestas para la puesta en valor de la Vieja Aduana y el Muelle de Alto Nivel\" data-type=\"image_tag\" data-img-url=\"https:\/\/www.puertocdelu.com.ar\/wp-content\/uploads\/2026\/02\/Vieja-Aduana-80x60.jpg\"  width=\"80\" height=\"60\" \/><\/a><\/div>\r\n            <div class=\"item-details\">\r\n                <h3 class=\"entry-title td-module-title\"><a href=\"https:\/\/www.puertocdelu.com.ar\/index.php\/2026\/03\/30\/cerro-el-plazo-de-presentacion-de-propuestas-para-la-puesta-en-valor-de-la-vieja-aduana-y-el-muelle-de-alto-nivel\/\"  rel=\"bookmark\" title=\"Cerr\u00f3 el plazo de presentaci\u00f3n de propuestas para la puesta en valor de la Vieja Aduana y el Muelle de Alto Nivel\">Cerr\u00f3 el plazo de presentaci\u00f3n de propuestas para la puesta en valor de la Vieja Aduana y el Muelle de Alto Nivel<\/a><\/h3>                <div class=\"td-module-meta-info\">\r\n                                                            <span class=\"td-post-date\"><time class=\"entry-date updated td-module-date\" datetime=\"2026-03-30T21:06:10+00:00\" >30 marzo, 2026<\/time><\/span>                                    <\/div>\r\n            <\/div>\r\n\r\n        <\/div>\r\n\r\n        \r\n        <div class=\"td_module_mx2 td_module_wrap td-animation-stack\">\r\n\r\n            <div class=\"td-module-thumb\"><a href=\"https:\/\/www.puertocdelu.com.ar\/index.php\/2026\/02\/21\/el-puerto-abre-convocatoria-a-presentacion-de-proyectos-de-inversion-para-poner-en-valor-el-paseo-de-la-vieja-aduana-y-el-muelle-de-alto-nivel\/\"  rel=\"bookmark\" class=\"td-image-wrap \" title=\"El Puerto abre convocatoria a presentaci\u00f3n de Proyectos de Inversi\u00f3n para poner en valor el paseo de la Vieja Aduana y el Muelle de Alto Nivel\" ><img loading=\"lazy\" decoding=\"async\" class=\"entry-thumb\" src=\"data:image\/png;base64,iVBORw0KGgoAAAANSUhEUgAAAFAAAAA8AQMAAADL6a\/PAAAAA1BMVEWurq51dlI4AAAAAXRSTlMmkutdmwAAAA5JREFUKM9jGAWjYJABAAKUAAHoEAeuAAAAAElFTkSuQmCC\" alt=\"\" title=\"El Puerto abre convocatoria a presentaci\u00f3n de Proyectos de Inversi\u00f3n para poner en valor el paseo de la Vieja Aduana y el Muelle de Alto Nivel\" data-type=\"image_tag\" data-img-url=\"https:\/\/www.puertocdelu.com.ar\/wp-content\/uploads\/2026\/02\/puesta-en-valor-80x60.jpg\"  width=\"80\" height=\"60\" \/><\/a><\/div>\r\n            <div class=\"item-details\">\r\n                <h3 class=\"entry-title td-module-title\"><a href=\"https:\/\/www.puertocdelu.com.ar\/index.php\/2026\/02\/21\/el-puerto-abre-convocatoria-a-presentacion-de-proyectos-de-inversion-para-poner-en-valor-el-paseo-de-la-vieja-aduana-y-el-muelle-de-alto-nivel\/\"  rel=\"bookmark\" title=\"El Puerto abre convocatoria a presentaci\u00f3n de Proyectos de Inversi\u00f3n para poner en valor el paseo de la Vieja Aduana y el Muelle de Alto Nivel\">El Puerto abre convocatoria a presentaci\u00f3n de Proyectos de Inversi\u00f3n para poner en valor el paseo de la Vieja Aduana y el Muelle de...<\/a><\/h3>                <div class=\"td-module-meta-info\">\r\n                                                            <span class=\"td-post-date\"><time class=\"entry-date updated td-module-date\" datetime=\"2026-02-21T14:05:00+00:00\" >21 febrero, 2026<\/time><\/span>                                    <\/div>\r\n            <\/div>\r\n\r\n        <\/div>\r\n\r\n        \r\n        <div class=\"td_module_mx2 td_module_wrap td-animation-stack\">\r\n\r\n            <div class=\"td-module-thumb\"><a href=\"https:\/\/www.puertocdelu.com.ar\/index.php\/2026\/02\/20\/el-muelle-de-alto-nivel-una-idea-superadora-de-su-tiempo-y-un-paseo-con-vista-al-rio\/\"  rel=\"bookmark\" class=\"td-image-wrap \" title=\"El muelle de Alto Nivel, una idea superadora de su tiempo, y hoy un paseo \u00fanico con vista al r\u00edo\" ><img loading=\"lazy\" decoding=\"async\" class=\"entry-thumb\" src=\"data:image\/png;base64,iVBORw0KGgoAAAANSUhEUgAAAFAAAAA8AQMAAADL6a\/PAAAAA1BMVEWurq51dlI4AAAAAXRSTlMmkutdmwAAAA5JREFUKM9jGAWjYJABAAKUAAHoEAeuAAAAAElFTkSuQmCC\" alt=\"\" title=\"El muelle de Alto Nivel, una idea superadora de su tiempo, y hoy un paseo \u00fanico con vista al r\u00edo\" data-type=\"image_tag\" data-img-url=\"https:\/\/www.puertocdelu.com.ar\/wp-content\/uploads\/2026\/02\/Puerto-Muelle-Albun-1920-1-80x60.jpg\"  width=\"80\" height=\"60\" \/><\/a><\/div>\r\n            <div class=\"item-details\">\r\n                <h3 class=\"entry-title td-module-title\"><a href=\"https:\/\/www.puertocdelu.com.ar\/index.php\/2026\/02\/20\/el-muelle-de-alto-nivel-una-idea-superadora-de-su-tiempo-y-un-paseo-con-vista-al-rio\/\"  rel=\"bookmark\" title=\"El muelle de Alto Nivel, una idea superadora de su tiempo, y hoy un paseo \u00fanico con vista al r\u00edo\">El muelle de Alto Nivel, una idea superadora de su tiempo, y hoy un paseo \u00fanico con vista al r\u00edo<\/a><\/h3>                <div class=\"td-module-meta-info\">\r\n                                                            <span class=\"td-post-date\"><time class=\"entry-date updated td-module-date\" datetime=\"2026-02-20T15:33:13+00:00\" >20 febrero, 2026<\/time><\/span>                                    <\/div>\r\n            <\/div>\r\n\r\n        <\/div>\r\n\r\n        <\/div><\/div> <!-- .\/block --><\/div><\/div><\/div><\/div><div id=\"tdi_30\" class=\"tdc-row stretch_row\"><div class=\"vc_row tdi_31 import_dont_miss wpb_row td-pb-row\" >\n<style scoped>\n\/* custom css - generated by TagDiv Composer *\/\n\n\/* custom css - generated by TagDiv Composer *\/\n.tdi_31,\r\n                .tdi_31 .tdc-columns{\r\n                    min-height: 0;\r\n                }.tdi_31,\r\n\t\t\t\t.tdi_31 .tdc-columns{\r\n\t\t\t\t    display: block;\r\n\t\t\t\t}.tdi_31 .tdc-columns{\r\n\t\t\t\t    width: 100%;\r\n\t\t\t\t}.tdi_31:before,\r\n\t\t\t\t.tdi_31:after{\r\n\t\t\t\t    display: table;\r\n\t\t\t\t}\n<\/style><div class=\"vc_column tdi_33  wpb_column vc_column_container tdc-column td-pb-span12\">\n<style scoped>\n\/* custom css - generated by TagDiv Composer *\/\n\n\/* custom css - generated by TagDiv Composer *\/\n.tdi_33{\r\n                    vertical-align: baseline;\r\n                }.tdi_33 > .wpb_wrapper,\r\n\t\t\t\t.tdi_33 > .wpb_wrapper > .tdc-elements{\r\n\t\t\t\t    display: block;\r\n\t\t\t\t}.tdi_33 > .wpb_wrapper > .tdc-elements{\r\n\t\t\t\t    width: 100%;\r\n\t\t\t\t}.tdi_33 > .wpb_wrapper > .vc_row_inner{\r\n\t\t\t\t    width: auto;\r\n\t\t\t\t}.tdi_33 > .wpb_wrapper{\r\n\t\t\t\t    width: auto;\r\n\t\t\t\t    height: auto;\r\n\t\t\t\t}\n<\/style><div class=\"wpb_wrapper\" ><div class=\"td_block_wrap td_block_14 tdi_34 td-pb-full-cell td_with_ajax_pagination td-pb-border-top td_block_template_1 td-column-3\"  data-td-block-uid=\"tdi_34\" >\n<style>\n.td-theme-wrap .tdi_34 .td-pulldown-filter-link:hover,\r\n            .td-theme-wrap .tdi_34 .td-subcat-item a:hover,\r\n            .td-theme-wrap .tdi_34 .td-subcat-item .td-cur-simple-item {\r\n                color: #f8c900;\r\n            }\r\n\r\n            .td-theme-wrap .tdi_34 .block-title > *,\r\n            .td-theme-wrap .tdi_34 .td-subcat-dropdown:hover .td-subcat-more {\r\n                background-color: #f8c900;\r\n            }\r\n            .td-theme-wrap .td-footer-wrapper .tdi_34 .block-title > * {\r\n                padding: 6px 7px 5px;\r\n                line-height: 1;\r\n            }\r\n\r\n            .td-theme-wrap .tdi_34 .block-title {\r\n                border-color: #f8c900;\r\n            }\r\n\r\n            \r\n            .td-theme-wrap .tdi_34 .td_module_wrap:hover .entry-title a,\r\n            .td-theme-wrap .tdi_34 .td_quote_on_blocks,\r\n            .td-theme-wrap .tdi_34 .td-opacity-cat .td-post-category:hover,\r\n            .td-theme-wrap .tdi_34 .td-opacity-read .td-read-more a:hover,\r\n            .td-theme-wrap .tdi_34 .td-opacity-author .td-post-author-name a:hover,\r\n            .td-theme-wrap .tdi_34 .td-instagram-user a {\r\n                color: #f8c900;\r\n            }\r\n\r\n            .td-theme-wrap .tdi_34 .td-next-prev-wrap a:hover,\r\n            .td-theme-wrap .tdi_34 .td-load-more-wrap a:hover {\r\n                background-color: #f8c900;\r\n                border-color: #f8c900;\r\n            }\r\n\r\n            .td-theme-wrap .tdi_34 .td-read-more a,\r\n            .td-theme-wrap .tdi_34 .td-weather-information:before,\r\n            .td-theme-wrap .tdi_34 .td-weather-week:before,\r\n            .td-theme-wrap .tdi_34 .td-exchange-header:before,\r\n            .td-theme-wrap .td-footer-wrapper .tdi_34 .td-post-category,\r\n            .td-theme-wrap .tdi_34 .td-post-category:hover {\r\n                background-color: #f8c900;\r\n            }\n<\/style><script>var block_tdi_34 = new tdBlock();\nblock_tdi_34.id = \"tdi_34\";\nblock_tdi_34.atts = '{\"sort\":\"random_posts\",\"limit\":\"3\",\"offset\":\"\",\"custom_title\":\"DON\\u0027T MISS\",\"td_ajax_filter_ids\":\"\",\"td_filter_default_txt\":\"All\",\"ajax_pagination\":\"next_prev\",\"td_ajax_filter_type\":\"td_category_ids_filter\",\"header_color\":\"#f8c900\",\"block_type\":\"td_block_14\",\"separator\":\"\",\"custom_url\":\"\",\"block_template_id\":\"\",\"mx1_tl\":\"\",\"post_ids\":\"\",\"category_id\":\"\",\"taxonomies\":\"\",\"category_ids\":\"\",\"in_all_terms\":\"\",\"tag_slug\":\"\",\"autors_id\":\"\",\"installed_post_types\":\"\",\"include_cf_posts\":\"\",\"exclude_cf_posts\":\"\",\"popular_by_date\":\"\",\"linked_posts\":\"\",\"favourite_only\":\"\",\"open_in_new_window\":\"\",\"show_modified_date\":\"\",\"time_ago\":\"\",\"time_ago_add_txt\":\"ago\",\"time_ago_txt_pos\":\"\",\"review_source\":\"\",\"el_class\":\"\",\"td_ajax_preloading\":\"\",\"f_header_font_header\":\"\",\"f_header_font_title\":\"Block header\",\"f_header_font_settings\":\"\",\"f_header_font_family\":\"\",\"f_header_font_size\":\"\",\"f_header_font_line_height\":\"\",\"f_header_font_style\":\"\",\"f_header_font_weight\":\"\",\"f_header_font_transform\":\"\",\"f_header_font_spacing\":\"\",\"f_header_\":\"\",\"f_ajax_font_title\":\"Ajax categories\",\"f_ajax_font_settings\":\"\",\"f_ajax_font_family\":\"\",\"f_ajax_font_size\":\"\",\"f_ajax_font_line_height\":\"\",\"f_ajax_font_style\":\"\",\"f_ajax_font_weight\":\"\",\"f_ajax_font_transform\":\"\",\"f_ajax_font_spacing\":\"\",\"f_ajax_\":\"\",\"f_more_font_title\":\"Load more button\",\"f_more_font_settings\":\"\",\"f_more_font_family\":\"\",\"f_more_font_size\":\"\",\"f_more_font_line_height\":\"\",\"f_more_font_style\":\"\",\"f_more_font_weight\":\"\",\"f_more_font_transform\":\"\",\"f_more_font_spacing\":\"\",\"f_more_\":\"\",\"mx1f_title_font_header\":\"\",\"mx1f_title_font_title\":\"Article title\",\"mx1f_title_font_settings\":\"\",\"mx1f_title_font_family\":\"\",\"mx1f_title_font_size\":\"\",\"mx1f_title_font_line_height\":\"\",\"mx1f_title_font_style\":\"\",\"mx1f_title_font_weight\":\"\",\"mx1f_title_font_transform\":\"\",\"mx1f_title_font_spacing\":\"\",\"mx1f_title_\":\"\",\"mx1f_cat_font_title\":\"Article category tag\",\"mx1f_cat_font_settings\":\"\",\"mx1f_cat_font_family\":\"\",\"mx1f_cat_font_size\":\"\",\"mx1f_cat_font_line_height\":\"\",\"mx1f_cat_font_style\":\"\",\"mx1f_cat_font_weight\":\"\",\"mx1f_cat_font_transform\":\"\",\"mx1f_cat_font_spacing\":\"\",\"mx1f_cat_\":\"\",\"mx1f_meta_font_title\":\"Article meta info\",\"mx1f_meta_font_settings\":\"\",\"mx1f_meta_font_family\":\"\",\"mx1f_meta_font_size\":\"\",\"mx1f_meta_font_line_height\":\"\",\"mx1f_meta_font_style\":\"\",\"mx1f_meta_font_weight\":\"\",\"mx1f_meta_font_transform\":\"\",\"mx1f_meta_font_spacing\":\"\",\"mx1f_meta_\":\"\",\"ajax_pagination_next_prev_swipe\":\"\",\"ajax_pagination_infinite_stop\":\"\",\"css\":\"\",\"tdc_css\":\"\",\"td_column_number\":3,\"color_preset\":\"\",\"border_top\":\"\",\"class\":\"tdi_34\",\"tdc_css_class\":\"tdi_34\",\"tdc_css_class_style\":\"tdi_34_rand_style\"}';\nblock_tdi_34.td_column_number = \"3\";\nblock_tdi_34.block_type = \"td_block_14\";\nblock_tdi_34.post_count = \"3\";\nblock_tdi_34.found_posts = \"380\";\nblock_tdi_34.header_color = \"#f8c900\";\nblock_tdi_34.ajax_pagination_infinite_stop = \"\";\nblock_tdi_34.max_num_pages = \"127\";\ntdBlocksArray.push(block_tdi_34);\n<\/script><div class=\"td-block-title-wrap\"><h4 class=\"block-title td-block-title\"><span class=\"td-pulldown-size\">DON&#039;T MISS<\/span><\/h4><div class=\"td-pulldown-syle-default td-subcat-filter\" id=\"td_pulldown_tdi_34\"><ul class=\"td-subcat-list\" id=\"td_pulldown_tdi_34_list\"><li class=\"td-subcat-item\"><a class=\"td-subcat-link\" id=\"tdi_35\" data-td_filter_value=\"\" data-td_block_id=\"tdi_34\" href=\"#\">All<\/a><\/li><li class=\"td-subcat-item\"><a class=\"td-subcat-link\" id=\"tdi_36\" data-td_filter_value=\"83\" data-td_block_id=\"tdi_34\" href=\"#\">indice<\/a><\/li><li class=\"td-subcat-item\"><a class=\"td-subcat-link\" id=\"tdi_37\" data-td_filter_value=\"85\" data-td_block_id=\"tdi_34\" href=\"#\">LUGAR CON HISTORIA<\/a><\/li><li class=\"td-subcat-item\"><a class=\"td-subcat-link\" id=\"tdi_38\" data-td_filter_value=\"81\" data-td_block_id=\"tdi_34\" href=\"#\">Noticias<\/a><\/li><li class=\"td-subcat-item\"><a class=\"td-subcat-link\" id=\"tdi_39\" data-td_filter_value=\"86\" data-td_block_id=\"tdi_34\" href=\"#\">RIL<\/a><\/li><li class=\"td-subcat-item\"><a class=\"td-subcat-link\" id=\"tdi_40\" data-td_filter_value=\"84\" data-td_block_id=\"tdi_34\" href=\"#\">slider<\/a><\/li><\/ul><div class=\"td-subcat-dropdown\"><div class=\"td-subcat-more\" aria-haspopup=\"true\"><span>M\u00e1s<\/span><i class=\"td-icon-read-down\"><\/i><\/div><ul class=\"td-pulldown-filter-list\"><\/ul><\/div><\/div><\/div><div id=tdi_34 class=\"td_block_inner td-column-3\">\n\n\t<div class=\"td-block-row\">\n\n\t<div class=\"td-block-span4\">\n\r\n        <div class=\"td_module_mx1 td_module_wrap td-animation-stack\">\r\n            <div class=\"td-module-thumb\"><a href=\"https:\/\/www.puertocdelu.com.ar\/index.php\/2026\/01\/26\/la-provincia-dicto-la-conciliacion-obligatoria-en-el-conflicto-portuario-de-concepcion-del-uruguay\/\"  rel=\"bookmark\" class=\"td-image-wrap \" title=\"La provincia dict\u00f3 la conciliaci\u00f3n obligatoria en el conflicto portuario de Concepci\u00f3n del Uruguay\" ><img loading=\"lazy\" decoding=\"async\" class=\"entry-thumb\" src=\"data:image\/png;base64,iVBORw0KGgoAAAANSUhEUgAAAWQAAADcAQMAAAB9O0nPAAAAA1BMVEWurq51dlI4AAAAAXRSTlMmkutdmwAAACBJREFUaN7twTEBAAAAwiD7p7bDbmAAAAAAAAAAAABAdieIAAGQh2mWAAAAAElFTkSuQmCC\" alt=\"\" title=\"La provincia dict\u00f3 la conciliaci\u00f3n obligatoria en el conflicto portuario de Concepci\u00f3n del Uruguay\" data-type=\"image_tag\" data-img-url=\"https:\/\/www.puertocdelu.com.ar\/wp-content\/uploads\/2026\/01\/pcdelu-356x220.jpg\"  width=\"356\" height=\"220\" \/><\/a><\/div>\r\n            <div class=\"td-module-meta-info\">\r\n                <h3 class=\"entry-title td-module-title\"><a href=\"https:\/\/www.puertocdelu.com.ar\/index.php\/2026\/01\/26\/la-provincia-dicto-la-conciliacion-obligatoria-en-el-conflicto-portuario-de-concepcion-del-uruguay\/\"  rel=\"bookmark\" title=\"La provincia dict\u00f3 la conciliaci\u00f3n obligatoria en el conflicto portuario de Concepci\u00f3n del Uruguay\">La provincia dict\u00f3 la conciliaci\u00f3n obligatoria en el conflicto portuario de Concepci\u00f3n del Uruguay<\/a><\/h3>                <div class=\"td-editor-date\">\r\n                                        <span class=\"td-author-date\">\r\n                                                <span class=\"td-post-date\"><time class=\"entry-date updated td-module-date\" datetime=\"2026-01-26T18:29:25+00:00\" >26 enero, 2026<\/time><\/span>                    <\/span>\r\n                <\/div>\r\n            <\/div>\r\n\r\n        <\/div>\r\n\r\n        \n\t<\/div> <!-- .\/td-block-span4 -->\n\n\t<div class=\"td-block-span4\">\n\r\n        <div class=\"td_module_mx1 td_module_wrap td-animation-stack\">\r\n            <div class=\"td-module-thumb\"><a href=\"https:\/\/www.puertocdelu.com.ar\/index.php\/2016\/12\/29\/embarcaron-pollos-en-el-puerto-de-concepcion-del-uruguay\/\"  rel=\"bookmark\" class=\"td-image-wrap \" title=\"Embarcaron pollos en el Puerto de Concepci\u00f3n del Uruguay\" ><img loading=\"lazy\" decoding=\"async\" class=\"entry-thumb\" src=\"data:image\/png;base64,iVBORw0KGgoAAAANSUhEUgAAAWQAAADcAQMAAAB9O0nPAAAAA1BMVEWurq51dlI4AAAAAXRSTlMmkutdmwAAACBJREFUaN7twTEBAAAAwiD7p7bDbmAAAAAAAAAAAABAdieIAAGQh2mWAAAAAElFTkSuQmCC\" alt=\"\" title=\"Embarcaron pollos en el Puerto de Concepci\u00f3n del Uruguay\" data-type=\"image_tag\" data-img-url=\"https:\/\/www.puertocdelu.com.ar\/wp-content\/uploads\/2016\/12\/1483040262-1-356x220.jpg\"  width=\"356\" height=\"220\" \/><\/a><\/div>\r\n            <div class=\"td-module-meta-info\">\r\n                <h3 class=\"entry-title td-module-title\"><a href=\"https:\/\/www.puertocdelu.com.ar\/index.php\/2016\/12\/29\/embarcaron-pollos-en-el-puerto-de-concepcion-del-uruguay\/\"  rel=\"bookmark\" title=\"Embarcaron pollos en el Puerto de Concepci\u00f3n del Uruguay\">Embarcaron pollos en el Puerto de Concepci\u00f3n del Uruguay<\/a><\/h3>                <div class=\"td-editor-date\">\r\n                                        <span class=\"td-author-date\">\r\n                                                <span class=\"td-post-date\"><time class=\"entry-date updated td-module-date\" datetime=\"2016-12-29T21:33:38+00:00\" >29 diciembre, 2016<\/time><\/span>                    <\/span>\r\n                <\/div>\r\n            <\/div>\r\n\r\n        <\/div>\r\n\r\n        \n\t<\/div> <!-- .\/td-block-span4 -->\n\n\t<div class=\"td-block-span4\">\n\r\n        <div class=\"td_module_mx1 td_module_wrap td-animation-stack\">\r\n            <div class=\"td-module-thumb\"><a href=\"https:\/\/www.puertocdelu.com.ar\/index.php\/2022\/07\/05\/llegan-tres-buques-para-cargar-en-puertos-entrerrianos\/\"  rel=\"bookmark\" class=\"td-image-wrap \" title=\"Llegan tres buques para cargar en puertos entrerrianos\" ><img loading=\"lazy\" decoding=\"async\" class=\"entry-thumb\" src=\"data:image\/png;base64,iVBORw0KGgoAAAANSUhEUgAAAWQAAADcAQMAAAB9O0nPAAAAA1BMVEWurq51dlI4AAAAAXRSTlMmkutdmwAAACBJREFUaN7twTEBAAAAwiD7p7bDbmAAAAAAAAAAAABAdieIAAGQh2mWAAAAAElFTkSuQmCC\" alt=\"\" title=\"Llegan tres buques para cargar en puertos entrerrianos\" data-type=\"image_tag\" data-img-url=\"https:\/\/www.puertocdelu.com.ar\/wp-content\/uploads\/2022\/07\/buques01-356x220.jpg\"  width=\"356\" height=\"220\" \/><\/a><\/div>\r\n            <div class=\"td-module-meta-info\">\r\n                <h3 class=\"entry-title td-module-title\"><a href=\"https:\/\/www.puertocdelu.com.ar\/index.php\/2022\/07\/05\/llegan-tres-buques-para-cargar-en-puertos-entrerrianos\/\"  rel=\"bookmark\" title=\"Llegan tres buques para cargar en puertos entrerrianos\">Llegan tres buques para cargar en puertos entrerrianos<\/a><\/h3>                <div class=\"td-editor-date\">\r\n                                        <span class=\"td-author-date\">\r\n                                                <span class=\"td-post-date\"><time class=\"entry-date updated td-module-date\" datetime=\"2022-07-05T00:48:51+00:00\" >5 julio, 2022<\/time><\/span>                    <\/span>\r\n                <\/div>\r\n            <\/div>\r\n\r\n        <\/div>\r\n\r\n        \n\t<\/div> <!-- .\/td-block-span4 --><\/div><!--.\/row-fluid--><\/div><div class=\"td-next-prev-wrap\"><a href=\"#\" class=\"td-ajax-prev-page ajax-page-disabled\" aria-label=\"prev-page\" id=\"prev-page-tdi_34\" data-td_block_id=\"tdi_34\"><i class=\"td-next-prev-icon td-icon-font td-icon-menu-left\"><\/i><\/a><a href=\"#\"  class=\"td-ajax-next-page\" aria-label=\"next-page\" id=\"next-page-tdi_34\" data-td_block_id=\"tdi_34\"><i class=\"td-next-prev-icon td-icon-font td-icon-menu-right\"><\/i><\/a><\/div><\/div> <!-- .\/block --><div class=\"clearfix\"><\/div><\/div><\/div><\/div><\/div>","protected":false},"excerpt":{"rendered":"","protected":false},"author":1,"featured_media":0,"parent":0,"menu_order":0,"comment_status":"open","ping_status":"closed","template":"page-pagebuilder-latest.php","meta":{"footnotes":""},"class_list":["post-401","page","type-page","status-publish"],"yoast_head":"<!-- This site is optimized with the Yoast SEO plugin v27.4 - https:\/\/yoast.com\/product\/yoast-seo-wordpress\/ -->\n<title>Homepage - Video - Puerto de Concepci\u00f3n del Uruguay<\/title>\n<meta name=\"robots\" content=\"index, follow, max-snippet:-1, max-image-preview:large, max-video-preview:-1\" \/>\n<link rel=\"canonical\" href=\"https:\/\/www.puertocdelu.com.ar\/index.php\/homepage-video\/\" \/>\n<meta property=\"og:locale\" content=\"es_ES\" \/>\n<meta property=\"og:type\" content=\"article\" \/>\n<meta property=\"og:title\" content=\"Homepage - Video - Puerto de Concepci\u00f3n del Uruguay\" \/>\n<meta property=\"og:url\" content=\"https:\/\/www.puertocdelu.com.ar\/index.php\/homepage-video\/\" \/>\n<meta property=\"og:site_name\" content=\"Puerto de Concepci\u00f3n del Uruguay\" \/>\n<meta name=\"twitter:card\" content=\"summary_large_image\" \/>\n<meta name=\"twitter:label1\" content=\"Tiempo de lectura\" \/>\n\t<meta name=\"twitter:data1\" content=\"2 minutos\" \/>\n<script type=\"application\/ld+json\" class=\"yoast-schema-graph\">{\"@context\":\"https:\\\/\\\/schema.org\",\"@graph\":[{\"@type\":\"WebPage\",\"@id\":\"https:\\\/\\\/www.puertocdelu.com.ar\\\/index.php\\\/homepage-video\\\/\",\"url\":\"https:\\\/\\\/www.puertocdelu.com.ar\\\/index.php\\\/homepage-video\\\/\",\"name\":\"Homepage - Video - Puerto de Concepci\u00f3n del Uruguay\",\"isPartOf\":{\"@id\":\"https:\\\/\\\/www.puertocdelu.com.ar\\\/#website\"},\"datePublished\":\"2016-09-11T22:32:59+00:00\",\"breadcrumb\":{\"@id\":\"https:\\\/\\\/www.puertocdelu.com.ar\\\/index.php\\\/homepage-video\\\/#breadcrumb\"},\"inLanguage\":\"es\",\"potentialAction\":[{\"@type\":\"ReadAction\",\"target\":[\"https:\\\/\\\/www.puertocdelu.com.ar\\\/index.php\\\/homepage-video\\\/\"]}]},{\"@type\":\"BreadcrumbList\",\"@id\":\"https:\\\/\\\/www.puertocdelu.com.ar\\\/index.php\\\/homepage-video\\\/#breadcrumb\",\"itemListElement\":[{\"@type\":\"ListItem\",\"position\":1,\"name\":\"Portada\",\"item\":\"https:\\\/\\\/www.puertocdelu.com.ar\\\/\"},{\"@type\":\"ListItem\",\"position\":2,\"name\":\"Homepage &#8211; Video\"}]},{\"@type\":\"WebSite\",\"@id\":\"https:\\\/\\\/www.puertocdelu.com.ar\\\/#website\",\"url\":\"https:\\\/\\\/www.puertocdelu.com.ar\\\/\",\"name\":\"Puerto de Concepci\u00f3n del Uruguay\",\"description\":\"\",\"potentialAction\":[{\"@type\":\"SearchAction\",\"target\":{\"@type\":\"EntryPoint\",\"urlTemplate\":\"https:\\\/\\\/www.puertocdelu.com.ar\\\/?s={search_term_string}\"},\"query-input\":{\"@type\":\"PropertyValueSpecification\",\"valueRequired\":true,\"valueName\":\"search_term_string\"}}],\"inLanguage\":\"es\"}]}<\/script>\n<!-- \/ Yoast SEO plugin. -->","yoast_head_json":{"title":"Homepage - Video - Puerto de Concepci\u00f3n del Uruguay","robots":{"index":"index","follow":"follow","max-snippet":"max-snippet:-1","max-image-preview":"max-image-preview:large","max-video-preview":"max-video-preview:-1"},"canonical":"https:\/\/www.puertocdelu.com.ar\/index.php\/homepage-video\/","og_locale":"es_ES","og_type":"article","og_title":"Homepage - Video - Puerto de Concepci\u00f3n del Uruguay","og_url":"https:\/\/www.puertocdelu.com.ar\/index.php\/homepage-video\/","og_site_name":"Puerto de Concepci\u00f3n del Uruguay","twitter_card":"summary_large_image","twitter_misc":{"Tiempo de lectura":"2 minutos"},"schema":{"@context":"https:\/\/schema.org","@graph":[{"@type":"WebPage","@id":"https:\/\/www.puertocdelu.com.ar\/index.php\/homepage-video\/","url":"https:\/\/www.puertocdelu.com.ar\/index.php\/homepage-video\/","name":"Homepage - Video - Puerto de Concepci\u00f3n del Uruguay","isPartOf":{"@id":"https:\/\/www.puertocdelu.com.ar\/#website"},"datePublished":"2016-09-11T22:32:59+00:00","breadcrumb":{"@id":"https:\/\/www.puertocdelu.com.ar\/index.php\/homepage-video\/#breadcrumb"},"inLanguage":"es","potentialAction":[{"@type":"ReadAction","target":["https:\/\/www.puertocdelu.com.ar\/index.php\/homepage-video\/"]}]},{"@type":"BreadcrumbList","@id":"https:\/\/www.puertocdelu.com.ar\/index.php\/homepage-video\/#breadcrumb","itemListElement":[{"@type":"ListItem","position":1,"name":"Portada","item":"https:\/\/www.puertocdelu.com.ar\/"},{"@type":"ListItem","position":2,"name":"Homepage &#8211; Video"}]},{"@type":"WebSite","@id":"https:\/\/www.puertocdelu.com.ar\/#website","url":"https:\/\/www.puertocdelu.com.ar\/","name":"Puerto de Concepci\u00f3n del Uruguay","description":"","potentialAction":[{"@type":"SearchAction","target":{"@type":"EntryPoint","urlTemplate":"https:\/\/www.puertocdelu.com.ar\/?s={search_term_string}"},"query-input":{"@type":"PropertyValueSpecification","valueRequired":true,"valueName":"search_term_string"}}],"inLanguage":"es"}]}},"_links":{"self":[{"href":"https:\/\/www.puertocdelu.com.ar\/index.php\/wp-json\/wp\/v2\/pages\/401","targetHints":{"allow":["GET"]}}],"collection":[{"href":"https:\/\/www.puertocdelu.com.ar\/index.php\/wp-json\/wp\/v2\/pages"}],"about":[{"href":"https:\/\/www.puertocdelu.com.ar\/index.php\/wp-json\/wp\/v2\/types\/page"}],"author":[{"embeddable":true,"href":"https:\/\/www.puertocdelu.com.ar\/index.php\/wp-json\/wp\/v2\/users\/1"}],"replies":[{"embeddable":true,"href":"https:\/\/www.puertocdelu.com.ar\/index.php\/wp-json\/wp\/v2\/comments?post=401"}],"version-history":[{"count":0,"href":"https:\/\/www.puertocdelu.com.ar\/index.php\/wp-json\/wp\/v2\/pages\/401\/revisions"}],"wp:attachment":[{"href":"https:\/\/www.puertocdelu.com.ar\/index.php\/wp-json\/wp\/v2\/media?parent=401"}],"curies":[{"name":"wp","href":"https:\/\/api.w.org\/{rel}","templated":true}]}}